{"id":1297,"date":"2019-12-03T07:30:35","date_gmt":"2019-12-03T07:30:35","guid":{"rendered":"https:\/\/www.hansen-optic.ch\/?page_id=1297"},"modified":"2025-06-11T09:23:58","modified_gmt":"2025-06-11T09:23:58","slug":"lunetterie-hansen-optique-sa-sierre","status":"publish","type":"page","link":"https:\/\/www.hansen-optic.ch\/de\/lunetterie-hansen-optique-sa-sierre\/","title":{"rendered":"Lunetterie Hansen Optique SA &#8211; Sierre"},"content":{"rendered":"<div data-elementor-type=\"wp-page\" data-elementor-id=\"1297\" class=\"elementor elementor-1297\" data-elementor-post-type=\"page\">\n\t\t\t\t\t\t<section class=\"elementor-section elementor-top-section elementor-element elementor-element-5e91a71 elementor-section-stretched elementor-section-full_width elementor-section-content-middle elementor-section-height-default elementor-section-height-default\" data-id=\"5e91a71\" data-element_type=\"section\" data-settings=\"{&quot;stretch_section&quot;:&quot;section-stretched&quot;,&quot;background_background&quot;:&quot;classic&quot;}\">\n\t\t\t\t\t\t\t<div class=\"elementor-background-overlay\"><\/div>\n\t\t\t\t\t\t\t<div class=\"elementor-container elementor-column-gap-no\">\n\t\t\t\t\t<div class=\"elementor-column elementor-col-50 elementor-top-column elementor-element elementor-element-e922192 elementor-invisible\" data-id=\"e922192\" data-element_type=\"column\" data-settings=\"{&quot;background_background&quot;:&quot;classic&quot;,&quot;animation&quot;:&quot;slideInLeft&quot;}\">\n\t\t\t<div class=\"elementor-widget-wrap elementor-element-populated\">\n\t\t\t\t\t<div class=\"elementor-background-overlay\"><\/div>\n\t\t\t\t\t\t<div class=\"elementor-element elementor-element-bfdab07 elementor-widget elementor-widget-heading\" data-id=\"bfdab07\" data-element_type=\"widget\" data-widget_type=\"heading.default\">\n\t\t\t\t<div class=\"elementor-widget-container\">\n\t\t\t\t\t<h1 class=\"elementor-heading-title elementor-size-default\">Lunetterie<\/h1>\t\t\t\t<\/div>\n\t\t\t\t<\/div>\n\t\t\t\t<div class=\"elementor-element elementor-element-d97d8b1 elementor-widget elementor-widget-text-editor\" data-id=\"d97d8b1\" data-element_type=\"widget\" data-widget_type=\"text-editor.default\">\n\t\t\t\t<div class=\"elementor-widget-container\">\n\t\t\t\t\t\t\t\t\t<p>La qualit\u00e9 et l&rsquo;inventivit\u00e9 de nos collections sont \u00e0 chaque fois l&rsquo;expression de l&rsquo;esth\u00e9tique et du confort optimal.<\/p><p>Vous trouverez dans notre magasin des produits de grande qualit\u00e9. Nous travaillons avec des fabricants cr\u00e9ateurs et des lunetiers que nous avons choisis personnellement pour l&rsquo;esth\u00e9tisme, la durabilit\u00e9 et le s\u00e9rieux de leurs produits. Nous misons sur la mise en avant de la fonctionnalit\u00e9 d&rsquo;un produit tout en soulignant l&rsquo;esth\u00e9tique, le confort et la qualit\u00e9. Rien n&rsquo;est donc laiss\u00e9 au hasard. Pour votre plus grand plaisir !<\/p>\t\t\t\t\t\t\t\t<\/div>\n\t\t\t\t<\/div>\n\t\t\t\t<div class=\"elementor-element elementor-element-f14f619 elementor-skin-carousel elementor-widget elementor-widget-global elementor-global-2280 elementor-widget-media-carousel\" data-id=\"f14f619\" data-element_type=\"widget\" data-settings=\"{&quot;slides_per_view&quot;:&quot;1&quot;,&quot;slides_per_view_tablet&quot;:&quot;1&quot;,&quot;slides_per_view_mobile&quot;:&quot;1&quot;,&quot;autoplay_speed&quot;:3000,&quot;space_between&quot;:{&quot;unit&quot;:&quot;px&quot;,&quot;size&quot;:21,&quot;sizes&quot;:[]},&quot;lazyload&quot;:&quot;yes&quot;,&quot;skin&quot;:&quot;carousel&quot;,&quot;effect&quot;:&quot;slide&quot;,&quot;speed&quot;:500,&quot;autoplay&quot;:&quot;yes&quot;,&quot;loop&quot;:&quot;yes&quot;,&quot;space_between_tablet&quot;:{&quot;unit&quot;:&quot;px&quot;,&quot;size&quot;:10,&quot;sizes&quot;:[]},&quot;space_between_mobile&quot;:{&quot;unit&quot;:&quot;px&quot;,&quot;size&quot;:10,&quot;sizes&quot;:[]}}\" data-widget_type=\"media-carousel.default\">\n\t\t\t\t<div class=\"elementor-widget-container\">\n\t\t\t\t\t\t\t\t\t<div class=\"elementor-swiper\">\n\t\t\t\t\t<div class=\"elementor-main-swiper swiper\" role=\"region\" aria-roledescription=\"carousel\" aria-label=\"Diapositives\">\n\t\t\t\t<div class=\"swiper-wrapper\">\n\t\t\t\t\t\t\t\t\t\t\t<div class=\"swiper-slide\" role=\"group\" aria-roledescription=\"slide\">\n\t\t\t\t\t\t\t\t\t<div class=\"elementor-carousel-image swiper-lazy\" role=\"img\" aria-label=\"logo-dutzeyewear\" data-background=\"https:\/\/www.hansen-optic.ch\/wp-content\/uploads\/elementor\/thumbs\/logo-dutzeyewear-pluvcoozs4jxcxryiah9d2m14wmzwf1pijam8scy68.webp\">\n\n\t\t\t\t\t\t\t<div class=\"swiper-lazy-preloader\"><\/div>\n\t\t\t\n\t\t\t\t\t<\/div>\n\t\t\t\t\t\t\t\t<\/div>\n\t\t\t\t\t\t\t\t\t\t\t<div class=\"swiper-slide\" role=\"group\" aria-roledescription=\"slide\">\n\t\t\t\t\t\t\t\t\t<div class=\"elementor-carousel-image swiper-lazy\" role=\"img\" aria-label=\"prodesign-logo\" data-background=\"https:\/\/www.hansen-optic.ch\/wp-content\/uploads\/elementor\/thumbs\/prodesign-logo-pluwemghmehjyco3z6u6hzys9rnbkmnp2b74ju3wq8.webp\">\n\n\t\t\t\t\t\t\t<div class=\"swiper-lazy-preloader\"><\/div>\n\t\t\t\n\t\t\t\t\t<\/div>\n\t\t\t\t\t\t\t\t<\/div>\n\t\t\t\t\t\t\t\t\t\t\t<div class=\"swiper-slide\" role=\"group\" aria-roledescription=\"slide\">\n\t\t\t\t\t\t\t\t\t<div class=\"elementor-carousel-image swiper-lazy\" role=\"img\" aria-label=\"paul-joe\" data-background=\"https:\/\/www.hansen-optic.ch\/wp-content\/uploads\/elementor\/thumbs\/paul-joe-pluvzi7xpbsj84mn95l6wbawbo5srvn3zhgzomiv2c.webp\">\n\n\t\t\t\t\t\t\t<div class=\"swiper-lazy-preloader\"><\/div>\n\t\t\t\n\t\t\t\t\t<\/div>\n\t\t\t\t\t\t\t\t<\/div>\n\t\t\t\t\t\t\t\t\t\t\t<div class=\"swiper-slide\" role=\"group\" aria-roledescription=\"slide\">\n\t\t\t\t\t\t\t\t\t<div class=\"elementor-carousel-image swiper-lazy\" role=\"img\" aria-label=\"medium_CAROLINA-HERRERA\" data-background=\"https:\/\/www.hansen-optic.ch\/wp-content\/uploads\/elementor\/thumbs\/medium_CAROLINA-HERRERA-pluwepa06wlex6k0iq227h961x9f7pyw2p5kznzr6k.webp\">\n\n\t\t\t\t\t\t\t<div class=\"swiper-lazy-preloader\"><\/div>\n\t\t\t\n\t\t\t\t\t<\/div>\n\t\t\t\t\t\t\t\t<\/div>\n\t\t\t\t\t\t\t\t\t\t\t<div class=\"swiper-slide\" role=\"group\" aria-roledescription=\"slide\">\n\t\t\t\t\t\t\t\t\t<div class=\"elementor-carousel-image swiper-lazy\" role=\"img\" aria-label=\"marius-morel-logo-square\" data-background=\"https:\/\/www.hansen-optic.ch\/wp-content\/uploads\/elementor\/thumbs\/marius-morel-logo-square-pluwes3irep9w0fx299xwyjju2viuta33341fhvknw.webp\">\n\n\t\t\t\t\t\t\t<div class=\"swiper-lazy-preloader\"><\/div>\n\t\t\t\n\t\t\t\t\t<\/div>\n\t\t\t\t\t\t\t\t<\/div>\n\t\t\t\t\t\t\t\t\t\t\t<div class=\"swiper-slide\" role=\"group\" aria-roledescription=\"slide\">\n\t\t\t\t\t\t\t\t\t<div class=\"elementor-carousel-image swiper-lazy\" role=\"img\" aria-label=\"Koali_BrandLogo\" data-background=\"https:\/\/www.hansen-optic.ch\/wp-content\/uploads\/elementor\/thumbs\/Koali_BrandLogo-pluwetz752ruj8d6ra371y2h0um9a7hjrcf0e1srqm.webp\">\n\n\t\t\t\t\t\t\t<div class=\"swiper-lazy-preloader\"><\/div>\n\t\t\t\n\t\t\t\t\t<\/div>\n\t\t\t\t\t\t\t\t<\/div>\n\t\t\t\t\t\t\t\t\t\t\t<div class=\"swiper-slide\" role=\"group\" aria-roledescription=\"slide\">\n\t\t\t\t\t\t\t\t\t<div class=\"elementor-carousel-image swiper-lazy\" role=\"img\" aria-label=\"pngegg\" data-background=\"https:\/\/www.hansen-optic.ch\/wp-content\/uploads\/elementor\/thumbs\/pngegg-pluvcj1yn4c7fa05f81hy419klesm8fbhrdpd4lb66.webp\">\n\n\t\t\t\t\t\t\t<div class=\"swiper-lazy-preloader\"><\/div>\n\t\t\t\n\t\t\t\t\t<\/div>\n\t\t\t\t\t\t\t\t<\/div>\n\t\t\t\t\t\t\t\t\t\t\t<div class=\"swiper-slide\" role=\"group\" aria-roledescription=\"slide\">\n\t\t\t\t\t\t\t\t\t<div class=\"elementor-carousel-image swiper-lazy\" role=\"img\" aria-label=\"1200px-Hugo-Boss-Logo.svg\" data-background=\"https:\/\/www.hansen-optic.ch\/wp-content\/uploads\/elementor\/thumbs\/1200px-Hugo-Boss-Logo.svg-pluwfdpt4livb1kik0md0b35hxwyrunwu247guzhye.webp\">\n\n\t\t\t\t\t\t\t<div class=\"swiper-lazy-preloader\"><\/div>\n\t\t\t\n\t\t\t\t\t<\/div>\n\t\t\t\t\t\t\t\t<\/div>\n\t\t\t\t\t\t\t\t\t\t\t<div class=\"swiper-slide\" role=\"group\" aria-roledescription=\"slide\">\n\t\t\t\t\t\t\t\t\t<div class=\"elementor-carousel-image swiper-lazy\" role=\"img\" aria-label=\"jaguar\" data-background=\"https:\/\/www.hansen-optic.ch\/wp-content\/uploads\/elementor\/thumbs\/jaguar-pluwegtghe9u0owaw4ef31e0pgf4ag1b1ja7o6c9zc.webp\">\n\n\t\t\t\t\t\t\t<div class=\"swiper-lazy-preloader\"><\/div>\n\t\t\t\n\t\t\t\t\t<\/div>\n\t\t\t\t\t\t\t\t<\/div>\n\t\t\t\t\t\t\t\t\t\t\t<div class=\"swiper-slide\" role=\"group\" aria-roledescription=\"slide\">\n\t\t\t\t\t\t\t\t\t<div class=\"elementor-carousel-image swiper-lazy\" role=\"img\" aria-label=\"image_OXIBIS LOGO\" data-background=\"https:\/\/www.hansen-optic.ch\/wp-content\/uploads\/elementor\/thumbs\/image_OXIBIS-LOGO-pluwexqjwewzto7q5bppbx4bee3q4zwh3v0yb5n6te.webp\">\n\n\t\t\t\t\t\t\t<div class=\"swiper-lazy-preloader\"><\/div>\n\t\t\t\n\t\t\t\t\t<\/div>\n\t\t\t\t\t\t\t\t<\/div>\n\t\t\t\t\t\t\t\t\t\t\t<div class=\"swiper-slide\" role=\"group\" aria-roledescription=\"slide\">\n\t\t\t\t\t\t\t\t\t<div class=\"elementor-carousel-image swiper-lazy\" role=\"img\" aria-label=\"lightec-logo-square\" data-background=\"https:\/\/www.hansen-optic.ch\/wp-content\/uploads\/elementor\/thumbs\/lightec-logo-square-pluvzost161jhed36qfkvrn4hd9d9rd8ce1e1k93o4.webp\">\n\n\t\t\t\t\t\t\t<div class=\"swiper-lazy-preloader\"><\/div>\n\t\t\t\n\t\t\t\t\t<\/div>\n\t\t\t\t\t\t\t\t<\/div>\n\t\t\t\t\t\t\t\t\t\t\t<div class=\"swiper-slide\" role=\"group\" aria-roledescription=\"slide\">\n\t\t\t\t\t\t\t\t\t<div class=\"elementor-carousel-image swiper-lazy\" role=\"img\" aria-label=\"imgpsh_fullsize_new\" data-background=\"https:\/\/www.hansen-optic.ch\/wp-content\/uploads\/elementor\/thumbs\/imgpsh_fullsize_new-pluvcriicmnsbrnv1tp52jwex293jicwix92om8rl2.webp\">\n\n\t\t\t\t\t\t\t<div class=\"swiper-lazy-preloader\"><\/div>\n\t\t\t\n\t\t\t\t\t<\/div>\n\t\t\t\t\t\t\t\t<\/div>\n\t\t\t\t\t\t\t\t\t\t\t<div class=\"swiper-slide\" role=\"group\" aria-roledescription=\"slide\">\n\t\t\t\t\t\t\t\t\t<div class=\"elementor-carousel-image swiper-lazy\" role=\"img\" aria-label=\"redim-maj-marques-logo-oga-mai-2019\" data-background=\"https:\/\/www.hansen-optic.ch\/wp-content\/uploads\/elementor\/thumbs\/redim-maj-marques-logo-oga-mai-2019-pluvcg8g2m8cgg48votm8mqvsfsoz544hdf8xapie4.webp\">\n\n\t\t\t\t\t\t\t<div class=\"swiper-lazy-preloader\"><\/div>\n\t\t\t\n\t\t\t\t\t<\/div>\n\t\t\t\t\t\t\t\t<\/div>\n\t\t\t\t\t\t\t\t\t<\/div>\n\t\t\t\t\t\t\t\t\t\t\t\t\t\t\t\t\t\t\t\t\t<\/div>\n\t\t\t\t<\/div>\n\t\t\t\t\t\t\t\t<\/div>\n\t\t\t\t<\/div>\n\t\t\t\t<div class=\"elementor-element elementor-element-b3bde2a elementor-align-center elementor-invisible elementor-widget elementor-widget-global elementor-global-1750 elementor-widget-button\" data-id=\"b3bde2a\" data-element_type=\"widget\" data-settings=\"{&quot;_animation&quot;:&quot;fadeInDown&quot;,&quot;_animation_delay&quot;:800}\" data-widget_type=\"button.default\">\n\t\t\t\t<div class=\"elementor-widget-container\">\n\t\t\t\t\t\t\t\t\t<div class=\"elementor-button-wrapper\">\n\t\t\t\t\t<a class=\"elementor-button elementor-button-link elementor-size-sm elementor-animation-pulse\" href=\"\/de\/contact\/\">\n\t\t\t\t\t\t<span class=\"elementor-button-content-wrapper\">\n\t\t\t\t\t\t\t\t\t<span class=\"elementor-button-text\">Prendre<br>rendez-vous<\/span>\n\t\t\t\t\t<\/span>\n\t\t\t\t\t<\/a>\n\t\t\t\t<\/div>\n\t\t\t\t\t\t\t\t<\/div>\n\t\t\t\t<\/div>\n\t\t\t\t\t<\/div>\n\t\t<\/div>\n\t\t\t\t<div class=\"elementor-column elementor-col-50 elementor-top-column elementor-element elementor-element-d8274a7 elementor-invisible\" data-id=\"d8274a7\" data-element_type=\"column\" data-settings=\"{&quot;background_background&quot;:&quot;slideshow&quot;,&quot;background_slideshow_gallery&quot;:[{&quot;id&quot;:2251,&quot;url&quot;:&quot;https:\\\/\\\/www.hansen-optic.ch\\\/wp-content\\\/uploads\\\/2021\\\/11\\\/Capture-de\\u0301cran-2021-10-30-a\\u0300-22.02.29.png&quot;},{&quot;id&quot;:1551,&quot;url&quot;:&quot;https:\\\/\\\/www.hansen-optic.ch\\\/wp-content\\\/uploads\\\/2020\\\/10\\\/lightec-banner.jpg&quot;},{&quot;id&quot;:2253,&quot;url&quot;:&quot;https:\\\/\\\/www.hansen-optic.ch\\\/wp-content\\\/uploads\\\/2021\\\/11\\\/210823_MONOQOOL_glyptoteket_AS14273.jpg&quot;},{&quot;id&quot;:1310,&quot;url&quot;:&quot;https:\\\/\\\/www.hansen-optic.ch\\\/wp-content\\\/uploads\\\/2019\\\/12\\\/lunettes-sierre-valais.png&quot;},{&quot;id&quot;:1311,&quot;url&quot;:&quot;https:\\\/\\\/www.hansen-optic.ch\\\/wp-content\\\/uploads\\\/2019\\\/12\\\/lunettes-valais.jpg&quot;},{&quot;id&quot;:2257,&quot;url&quot;:&quot;https:\\\/\\\/www.hansen-optic.ch\\\/wp-content\\\/uploads\\\/2021\\\/11\\\/Capture-de\\u0301cran-2021-10-30-a\\u0300-22.04.03.png&quot;},{&quot;id&quot;:2252,&quot;url&quot;:&quot;https:\\\/\\\/www.hansen-optic.ch\\\/wp-content\\\/uploads\\\/2021\\\/11\\\/210823_MONOQOOL_glyptoteket_AS13986-1.jpg&quot;}],&quot;background_slideshow_ken_burns&quot;:&quot;yes&quot;,&quot;background_slideshow_ken_burns_zoom_direction&quot;:&quot;out&quot;,&quot;animation&quot;:&quot;slideInRight&quot;,&quot;animation_delay&quot;:200,&quot;background_slideshow_loop&quot;:&quot;yes&quot;,&quot;background_slideshow_slide_duration&quot;:5000,&quot;background_slideshow_slide_transition&quot;:&quot;fade&quot;,&quot;background_slideshow_transition_duration&quot;:500}\">\n\t\t\t<div class=\"elementor-widget-wrap elementor-element-populated\">\n\t\t\t\t\t\t<div class=\"elementor-element elementor-element-2227b34 elementor-widget elementor-widget-spacer\" data-id=\"2227b34\" data-element_type=\"widget\" data-widget_type=\"spacer.default\">\n\t\t\t\t<div class=\"elementor-widget-container\">\n\t\t\t\t\t\t\t<div class=\"elementor-spacer\">\n\t\t\t<div class=\"elementor-spacer-inner\"><\/div>\n\t\t<\/div>\n\t\t\t\t\t\t<\/div>\n\t\t\t\t<\/div>\n\t\t\t\t\t<\/div>\n\t\t<\/div>\n\t\t\t\t\t<\/div>\n\t\t<\/section>\n\t\t\t\t<section class=\"elementor-section elementor-top-section elementor-element elementor-element-714c861 elementor-section-content-middle elementor-section-stretched elementor-section-full_width elementor-reverse-mobile elementor-section-height-default elementor-section-height-default elementor-invisible\" data-id=\"714c861\" data-element_type=\"section\" data-settings=\"{&quot;background_background&quot;:&quot;classic&quot;,&quot;animation&quot;:&quot;fadeIn&quot;,&quot;stretch_section&quot;:&quot;section-stretched&quot;}\">\n\t\t\t\t\t\t\t<div class=\"elementor-background-overlay\"><\/div>\n\t\t\t\t\t\t\t<div class=\"elementor-container elementor-column-gap-no\">\n\t\t\t\t\t<div class=\"elementor-column elementor-col-50 elementor-top-column elementor-element elementor-element-bef86c7 elementor-invisible\" data-id=\"bef86c7\" data-element_type=\"column\" data-settings=\"{&quot;background_background&quot;:&quot;slideshow&quot;,&quot;background_slideshow_gallery&quot;:[{&quot;id&quot;:2304,&quot;url&quot;:&quot;https:\\\/\\\/www.hansen-optic.ch\\\/wp-content\\\/uploads\\\/2021\\\/11\\\/009.jpg-1920.jpg&quot;},{&quot;id&quot;:2305,&quot;url&quot;:&quot;https:\\\/\\\/www.hansen-optic.ch\\\/wp-content\\\/uploads\\\/2021\\\/11\\\/etnia-barcelona.jpg&quot;},{&quot;id&quot;:2307,&quot;url&quot;:&quot;https:\\\/\\\/www.hansen-optic.ch\\\/wp-content\\\/uploads\\\/2021\\\/11\\\/002.jpg-1920.jpg&quot;}],&quot;animation&quot;:&quot;slideInLeft&quot;,&quot;animation_delay&quot;:400,&quot;background_slideshow_loop&quot;:&quot;yes&quot;,&quot;background_slideshow_slide_duration&quot;:5000,&quot;background_slideshow_slide_transition&quot;:&quot;fade&quot;,&quot;background_slideshow_transition_duration&quot;:500}\">\n\t\t\t<div class=\"elementor-widget-wrap elementor-element-populated\">\n\t\t\t\t\t\t<div class=\"elementor-element elementor-element-a11a65c elementor-widget elementor-widget-spacer\" data-id=\"a11a65c\" data-element_type=\"widget\" data-widget_type=\"spacer.default\">\n\t\t\t\t<div class=\"elementor-widget-container\">\n\t\t\t\t\t\t\t<div class=\"elementor-spacer\">\n\t\t\t<div class=\"elementor-spacer-inner\"><\/div>\n\t\t<\/div>\n\t\t\t\t\t\t<\/div>\n\t\t\t\t<\/div>\n\t\t\t\t\t<\/div>\n\t\t<\/div>\n\t\t\t\t<div class=\"elementor-column elementor-col-50 elementor-top-column elementor-element elementor-element-8c76b29 elementor-invisible\" data-id=\"8c76b29\" data-element_type=\"column\" data-settings=\"{&quot;animation&quot;:&quot;slideInRight&quot;,&quot;animation_delay&quot;:800}\">\n\t\t\t<div class=\"elementor-widget-wrap elementor-element-populated\">\n\t\t\t\t\t\t<div class=\"elementor-element elementor-element-40433ff elementor-widget elementor-widget-heading\" data-id=\"40433ff\" data-element_type=\"widget\" data-widget_type=\"heading.default\">\n\t\t\t\t<div class=\"elementor-widget-container\">\n\t\t\t\t\t<h1 class=\"elementor-heading-title elementor-size-default\">Lunettes de Soleil<\/h1>\t\t\t\t<\/div>\n\t\t\t\t<\/div>\n\t\t\t\t<div class=\"elementor-element elementor-element-068df98 elementor-widget elementor-widget-text-editor\" data-id=\"068df98\" data-element_type=\"widget\" data-widget_type=\"text-editor.default\">\n\t\t\t\t<div class=\"elementor-widget-container\">\n\t\t\t\t\t\t\t\t\t<p>Montagne, campagne, ville ou bord de mer, les occasions de porter des lunettes de soleil sont nombreuses. Mais savez-vous bien les choisir ? Forme, couleur, indice de protection, chaque \u00e9l\u00e9ment est essentiel. Si vous avez des probl\u00e8mes de vue, le choix de vos lunettes n\u00e9cessite davantage d&rsquo;attention. N&rsquo;h\u00e9sitez pas \u00e0 demander conseil \u00e0 nos opticiens, ils sauront vous orienter vers le mod\u00e8le qui convient le mieux \u00e0 vos besoins. Et faites-vous plaisir !<\/p>\t\t\t\t\t\t\t\t<\/div>\n\t\t\t\t<\/div>\n\t\t\t\t\t<\/div>\n\t\t<\/div>\n\t\t\t\t\t<\/div>\n\t\t<\/section>\n\t\t\t\t<section class=\"elementor-section elementor-top-section elementor-element elementor-element-65ee6c5 elementor-section-stretched elementor-section-full_width elementor-section-content-middle elementor-section-height-default elementor-section-height-default\" data-id=\"65ee6c5\" data-element_type=\"section\" data-settings=\"{&quot;stretch_section&quot;:&quot;section-stretched&quot;,&quot;background_background&quot;:&quot;classic&quot;}\">\n\t\t\t\t\t\t\t<div class=\"elementor-background-overlay\"><\/div>\n\t\t\t\t\t\t\t<div class=\"elementor-container elementor-column-gap-no\">\n\t\t\t\t\t<div class=\"elementor-column elementor-col-50 elementor-top-column elementor-element elementor-element-d37fbd0 elementor-invisible\" data-id=\"d37fbd0\" data-element_type=\"column\" data-settings=\"{&quot;animation&quot;:&quot;slideInLeft&quot;,&quot;animation_delay&quot;:200}\">\n\t\t\t<div class=\"elementor-widget-wrap elementor-element-populated\">\n\t\t\t\t\t\t<div class=\"elementor-element elementor-element-0b26f48 elementor-widget elementor-widget-heading\" data-id=\"0b26f48\" data-element_type=\"widget\" data-widget_type=\"heading.default\">\n\t\t\t\t<div class=\"elementor-widget-container\">\n\t\t\t\t\t<h1 class=\"elementor-heading-title elementor-size-default\">Lunettes Enfants<\/h1>\t\t\t\t<\/div>\n\t\t\t\t<\/div>\n\t\t\t\t<div class=\"elementor-element elementor-element-21d15d7 elementor-widget elementor-widget-text-editor\" data-id=\"21d15d7\" data-element_type=\"widget\" data-widget_type=\"text-editor.default\">\n\t\t\t\t<div class=\"elementor-widget-container\">\n\t\t\t\t\t\t\t\t\t<p>Les yeux de nos enfants sont fragiles et pr\u00e9cieux: optez donc pour la meilleure qualit\u00e9 de lunettes optiques et solaires, et toujours avec style !<\/p>\n<p>Parce que nous sommes sp\u00e9cialistes, nous disposons de lunettes adapt\u00e9es \u00e0 la morphologie des enfants, approuv\u00e9es par les ophtalmologues qui convient le mieux \u00e0 vos besoins. <strong>Et faites-vous plaisir !<\/strong><\/p>\t\t\t\t\t\t\t\t<\/div>\n\t\t\t\t<\/div>\n\t\t\t\t\t<\/div>\n\t\t<\/div>\n\t\t\t\t<div class=\"elementor-column elementor-col-50 elementor-top-column elementor-element elementor-element-98eb58a elementor-invisible\" data-id=\"98eb58a\" data-element_type=\"column\" data-settings=\"{&quot;background_background&quot;:&quot;slideshow&quot;,&quot;background_slideshow_gallery&quot;:[{&quot;id&quot;:1303,&quot;url&quot;:&quot;https:\\\/\\\/www.hansen-optic.ch\\\/wp-content\\\/uploads\\\/2019\\\/12\\\/enfant-lunettes-sierre.jpg&quot;},{&quot;id&quot;:1800,&quot;url&quot;:&quot;https:\\\/\\\/www.hansen-optic.ch\\\/wp-content\\\/uploads\\\/2021\\\/01\\\/lunetterie-enfants-valais.png&quot;}],&quot;animation&quot;:&quot;slideInRight&quot;,&quot;animation_delay&quot;:600,&quot;background_slideshow_loop&quot;:&quot;yes&quot;,&quot;background_slideshow_slide_duration&quot;:5000,&quot;background_slideshow_slide_transition&quot;:&quot;fade&quot;,&quot;background_slideshow_transition_duration&quot;:500}\">\n\t\t\t<div class=\"elementor-widget-wrap elementor-element-populated\">\n\t\t\t\t\t\t<div class=\"elementor-element elementor-element-3f59633 elementor-widget elementor-widget-spacer\" data-id=\"3f59633\" data-element_type=\"widget\" data-widget_type=\"spacer.default\">\n\t\t\t\t<div class=\"elementor-widget-container\">\n\t\t\t\t\t\t\t<div class=\"elementor-spacer\">\n\t\t\t<div class=\"elementor-spacer-inner\"><\/div>\n\t\t<\/div>\n\t\t\t\t\t\t<\/div>\n\t\t\t\t<\/div>\n\t\t\t\t\t<\/div>\n\t\t<\/div>\n\t\t\t\t\t<\/div>\n\t\t<\/section>\n\t\t\t\t<section class=\"elementor-section elementor-top-section elementor-element elementor-element-2fed32b elementor-section-stretched elementor-section-full_width elementor-section-height-min-height elementor-section-content-middle elementor-section-height-default elementor-section-items-middle\" data-id=\"2fed32b\" data-element_type=\"section\" data-settings=\"{&quot;stretch_section&quot;:&quot;section-stretched&quot;,&quot;background_background&quot;:&quot;classic&quot;}\">\n\t\t\t\t\t\t\t<div class=\"elementor-background-overlay\"><\/div>\n\t\t\t\t\t\t\t<div class=\"elementor-container elementor-column-gap-no\">\n\t\t\t\t\t<div class=\"elementor-column elementor-col-100 elementor-top-column elementor-element elementor-element-6d39889\" data-id=\"6d39889\" data-element_type=\"column\">\n\t\t\t<div class=\"elementor-widget-wrap elementor-element-populated\">\n\t\t\t\t\t\t<div class=\"elementor-element elementor-element-144e1ea elementor-widget elementor-widget-heading\" data-id=\"144e1ea\" data-element_type=\"widget\" data-widget_type=\"heading.default\">\n\t\t\t\t<div class=\"elementor-widget-container\">\n\t\t\t\t\t<div class=\"elementor-heading-title elementor-size-small\">Tourn\u00e9s vers l'avenir depuis plus de 50 ans<\/div>\t\t\t\t<\/div>\n\t\t\t\t<\/div>\n\t\t\t\t\t<\/div>\n\t\t<\/div>\n\t\t\t\t\t<\/div>\n\t\t<\/section>\n\t\t\t\t<\/div>","protected":false},"excerpt":{"rendered":"<p>Lunetterie La qualit\u00e9 et l&rsquo;inventivit\u00e9 de nos collections sont \u00e0 chaque fois l&rsquo;expression de l&rsquo;esth\u00e9tique et du confort optimal. Vous trouverez dans notre magasin des produits de grande qualit\u00e9. Nous travaillons avec des fabricants cr\u00e9ateurs et des lunetiers que nous avons choisis personnellement pour l&rsquo;esth\u00e9tisme, la durabilit\u00e9 et le s\u00e9rieux de leurs produits. Nous misons [&hellip;]<\/p>","protected":false},"author":1,"featured_media":0,"parent":0,"menu_order":0,"comment_status":"closed","ping_status":"closed","template":"","meta":{"footnotes":""},"class_list":["post-1297","page","type-page","status-publish","hentry"],"yoast_head":"<!-- This site is optimized with the Yoast SEO plugin v25.8 - https:\/\/yoast.com\/wordpress\/plugins\/seo\/ -->\r\n<title>Lunetterie Hansen Optique SA - Sierre &#8226; Hansen-Optique SA<\/title>\r\n<meta name=\"description\" content=\"Lunettes, lentilles, contr\u00f4le de la vue. B\u00e9n\u00e9ficiez de conseils personnalis\u00e9s qui d\u00e9finiront votre \u00e9quilibre entre esth\u00e9tique, confort et vision nette.\" \/>\r\n<meta name=\"robots\" content=\"index, follow, max-snippet:-1, max-image-preview:large, max-video-preview:-1\" \/>\r\n<link rel=\"canonical\" href=\"https:\/\/www.hansen-optic.ch\/de\/lunetterie-hansen-optique-sa-sierre\/\" \/>\r\n<meta property=\"og:locale\" content=\"de_DE\" \/>\r\n<meta property=\"og:type\" content=\"article\" \/>\r\n<meta property=\"og:title\" content=\"Lunetterie Hansen Optique SA - Sierre &#8226; Hansen-Optique SA\" \/>\r\n<meta property=\"og:description\" content=\"Lunettes, lentilles, contr\u00f4le de la vue. B\u00e9n\u00e9ficiez de conseils personnalis\u00e9s qui d\u00e9finiront votre \u00e9quilibre entre esth\u00e9tique, confort et vision nette.\" \/>\r\n<meta property=\"og:url\" content=\"https:\/\/www.hansen-optic.ch\/de\/lunetterie-hansen-optique-sa-sierre\/\" \/>\r\n<meta property=\"og:site_name\" content=\"Hansen-Optique SA\" \/>\r\n<meta property=\"article:publisher\" content=\"https:\/\/www.facebook.com\/HansenOptiqueSierre\/\" \/>\r\n<meta property=\"article:modified_time\" content=\"2025-06-11T09:23:58+00:00\" \/>\r\n<meta name=\"twitter:card\" content=\"summary_large_image\" \/>\r\n<meta name=\"twitter:label1\" content=\"Gesch\u00e4tzte Lesezeit\" \/>\n\t<meta name=\"twitter:data1\" content=\"2\u00a0Minuten\" \/>\r\n<script type=\"application\/ld+json\" class=\"yoast-schema-graph\">{\"@context\":\"https:\/\/schema.org\",\"@graph\":[{\"@type\":\"WebPage\",\"@id\":\"https:\/\/www.hansen-optic.ch\/lunetterie-hansen-optique-sa-sierre\/\",\"url\":\"https:\/\/www.hansen-optic.ch\/lunetterie-hansen-optique-sa-sierre\/\",\"name\":\"Lunetterie Hansen Optique SA - Sierre &#8226; Hansen-Optique SA\",\"isPartOf\":{\"@id\":\"https:\/\/www.hansen-optic.ch\/#website\"},\"datePublished\":\"2019-12-03T07:30:35+00:00\",\"dateModified\":\"2025-06-11T09:23:58+00:00\",\"description\":\"Lunettes, lentilles, contr\u00f4le de la vue. B\u00e9n\u00e9ficiez de conseils personnalis\u00e9s qui d\u00e9finiront votre \u00e9quilibre entre esth\u00e9tique, confort et vision nette.\",\"breadcrumb\":{\"@id\":\"https:\/\/www.hansen-optic.ch\/lunetterie-hansen-optique-sa-sierre\/#breadcrumb\"},\"inLanguage\":\"de\",\"potentialAction\":[{\"@type\":\"ReadAction\",\"target\":[\"https:\/\/www.hansen-optic.ch\/lunetterie-hansen-optique-sa-sierre\/\"]}]},{\"@type\":\"BreadcrumbList\",\"@id\":\"https:\/\/www.hansen-optic.ch\/lunetterie-hansen-optique-sa-sierre\/#breadcrumb\",\"itemListElement\":[{\"@type\":\"ListItem\",\"position\":1,\"name\":\"Home\",\"item\":\"https:\/\/www.hansen-optic.ch\/\"},{\"@type\":\"ListItem\",\"position\":2,\"name\":\"Lunetterie Hansen Optique SA &#8211; Sierre\"}]},{\"@type\":\"WebSite\",\"@id\":\"https:\/\/www.hansen-optic.ch\/#website\",\"url\":\"https:\/\/www.hansen-optic.ch\/\",\"name\":\"Hansen-Optique SA\",\"description\":\"Qualit\u00e9 | Pr\u00e9cision | Proximit\u00e9 - Voyez mieux, vivez mieux!\",\"publisher\":{\"@id\":\"https:\/\/www.hansen-optic.ch\/#organization\"},\"potentialAction\":[{\"@type\":\"SearchAction\",\"target\":{\"@type\":\"EntryPoint\",\"urlTemplate\":\"https:\/\/www.hansen-optic.ch\/?s={search_term_string}\"},\"query-input\":{\"@type\":\"PropertyValueSpecification\",\"valueRequired\":true,\"valueName\":\"search_term_string\"}}],\"inLanguage\":\"de\"},{\"@type\":\"Organization\",\"@id\":\"https:\/\/www.hansen-optic.ch\/#organization\",\"name\":\"Hansen Optique SA\",\"url\":\"https:\/\/www.hansen-optic.ch\/\",\"logo\":{\"@type\":\"ImageObject\",\"inLanguage\":\"de\",\"@id\":\"https:\/\/www.hansen-optic.ch\/#\/schema\/logo\/image\/\",\"url\":\"https:\/\/www.hansen-optic.ch\/wp-content\/uploads\/2025\/06\/Hansen_optique-lunetterie-sierre.png\",\"contentUrl\":\"https:\/\/www.hansen-optic.ch\/wp-content\/uploads\/2025\/06\/Hansen_optique-lunetterie-sierre.png\",\"width\":1082,\"height\":258,\"caption\":\"Hansen Optique SA\"},\"image\":{\"@id\":\"https:\/\/www.hansen-optic.ch\/#\/schema\/logo\/image\/\"},\"sameAs\":[\"https:\/\/www.facebook.com\/HansenOptiqueSierre\/\",\"https:\/\/www.instagram.com\/hansen_optique_sa\/\"]}]}<\/script>\r\n<!-- \/ Yoast SEO plugin. -->","yoast_head_json":{"title":"Lunetterie Hansen Optique SA - Sierre &#8226; Hansen-Optique SA","description":"Lunettes, lentilles, contr\u00f4le de la vue. B\u00e9n\u00e9ficiez de conseils personnalis\u00e9s qui d\u00e9finiront votre \u00e9quilibre entre esth\u00e9tique, confort et vision nette.","robots":{"index":"index","follow":"follow","max-snippet":"max-snippet:-1","max-image-preview":"max-image-preview:large","max-video-preview":"max-video-preview:-1"},"canonical":"https:\/\/www.hansen-optic.ch\/de\/lunetterie-hansen-optique-sa-sierre\/","og_locale":"de_DE","og_type":"article","og_title":"Lunetterie Hansen Optique SA - Sierre &#8226; Hansen-Optique SA","og_description":"Lunettes, lentilles, contr\u00f4le de la vue. B\u00e9n\u00e9ficiez de conseils personnalis\u00e9s qui d\u00e9finiront votre \u00e9quilibre entre esth\u00e9tique, confort et vision nette.","og_url":"https:\/\/www.hansen-optic.ch\/de\/lunetterie-hansen-optique-sa-sierre\/","og_site_name":"Hansen-Optique SA","article_publisher":"https:\/\/www.facebook.com\/HansenOptiqueSierre\/","article_modified_time":"2025-06-11T09:23:58+00:00","twitter_card":"summary_large_image","twitter_misc":{"Gesch\u00e4tzte Lesezeit":"2\u00a0Minuten"},"schema":{"@context":"https:\/\/schema.org","@graph":[{"@type":"WebPage","@id":"https:\/\/www.hansen-optic.ch\/lunetterie-hansen-optique-sa-sierre\/","url":"https:\/\/www.hansen-optic.ch\/lunetterie-hansen-optique-sa-sierre\/","name":"Lunetterie Hansen Optique SA - Sierre &#8226; Hansen-Optique SA","isPartOf":{"@id":"https:\/\/www.hansen-optic.ch\/#website"},"datePublished":"2019-12-03T07:30:35+00:00","dateModified":"2025-06-11T09:23:58+00:00","description":"Lunettes, lentilles, contr\u00f4le de la vue. B\u00e9n\u00e9ficiez de conseils personnalis\u00e9s qui d\u00e9finiront votre \u00e9quilibre entre esth\u00e9tique, confort et vision nette.","breadcrumb":{"@id":"https:\/\/www.hansen-optic.ch\/lunetterie-hansen-optique-sa-sierre\/#breadcrumb"},"inLanguage":"de","potentialAction":[{"@type":"ReadAction","target":["https:\/\/www.hansen-optic.ch\/lunetterie-hansen-optique-sa-sierre\/"]}]},{"@type":"BreadcrumbList","@id":"https:\/\/www.hansen-optic.ch\/lunetterie-hansen-optique-sa-sierre\/#breadcrumb","itemListElement":[{"@type":"ListItem","position":1,"name":"Home","item":"https:\/\/www.hansen-optic.ch\/"},{"@type":"ListItem","position":2,"name":"Lunetterie Hansen Optique SA &#8211; Sierre"}]},{"@type":"WebSite","@id":"https:\/\/www.hansen-optic.ch\/#website","url":"https:\/\/www.hansen-optic.ch\/","name":"Hansen-Optique SA","description":"Qualit\u00e9 | Pr\u00e9cision | Proximit\u00e9 - Voyez mieux, vivez mieux!","publisher":{"@id":"https:\/\/www.hansen-optic.ch\/#organization"},"potentialAction":[{"@type":"SearchAction","target":{"@type":"EntryPoint","urlTemplate":"https:\/\/www.hansen-optic.ch\/?s={search_term_string}"},"query-input":{"@type":"PropertyValueSpecification","valueRequired":true,"valueName":"search_term_string"}}],"inLanguage":"de"},{"@type":"Organization","@id":"https:\/\/www.hansen-optic.ch\/#organization","name":"Hansen Optique SA","url":"https:\/\/www.hansen-optic.ch\/","logo":{"@type":"ImageObject","inLanguage":"de","@id":"https:\/\/www.hansen-optic.ch\/#\/schema\/logo\/image\/","url":"https:\/\/www.hansen-optic.ch\/wp-content\/uploads\/2025\/06\/Hansen_optique-lunetterie-sierre.png","contentUrl":"https:\/\/www.hansen-optic.ch\/wp-content\/uploads\/2025\/06\/Hansen_optique-lunetterie-sierre.png","width":1082,"height":258,"caption":"Hansen Optique SA"},"image":{"@id":"https:\/\/www.hansen-optic.ch\/#\/schema\/logo\/image\/"},"sameAs":["https:\/\/www.facebook.com\/HansenOptiqueSierre\/","https:\/\/www.instagram.com\/hansen_optique_sa\/"]}]}},"_links":{"self":[{"href":"https:\/\/www.hansen-optic.ch\/de\/wp-json\/wp\/v2\/pages\/1297","targetHints":{"allow":["GET"]}}],"collection":[{"href":"https:\/\/www.hansen-optic.ch\/de\/wp-json\/wp\/v2\/pages"}],"about":[{"href":"https:\/\/www.hansen-optic.ch\/de\/wp-json\/wp\/v2\/types\/page"}],"author":[{"embeddable":true,"href":"https:\/\/www.hansen-optic.ch\/de\/wp-json\/wp\/v2\/users\/1"}],"replies":[{"embeddable":true,"href":"https:\/\/www.hansen-optic.ch\/de\/wp-json\/wp\/v2\/comments?post=1297"}],"version-history":[{"count":5,"href":"https:\/\/www.hansen-optic.ch\/de\/wp-json\/wp\/v2\/pages\/1297\/revisions"}],"predecessor-version":[{"id":3301,"href":"https:\/\/www.hansen-optic.ch\/de\/wp-json\/wp\/v2\/pages\/1297\/revisions\/3301"}],"wp:attachment":[{"href":"https:\/\/www.hansen-optic.ch\/de\/wp-json\/wp\/v2\/media?parent=1297"}],"curies":[{"name":"wp","href":"https:\/\/api.w.org\/{rel}","templated":true}]}}