{"id":1749,"date":"2021-01-16T08:13:56","date_gmt":"2021-01-16T08:13:56","guid":{"rendered":"https:\/\/www.hansen-optic.ch\/?page_id=1749"},"modified":"2025-06-11T09:39:21","modified_gmt":"2025-06-11T09:39:21","slug":"nos-services-hansen-optique-sa-sierre","status":"publish","type":"page","link":"https:\/\/www.hansen-optic.ch\/de\/nos-services-hansen-optique-sa-sierre\/","title":{"rendered":"Nos services Hansen Optique SA &#8211; Sierre"},"content":{"rendered":"<div data-elementor-type=\"wp-page\" data-elementor-id=\"1749\" class=\"elementor elementor-1749\" data-elementor-post-type=\"page\">\n\t\t\t\t\t\t<section class=\"elementor-section elementor-top-section elementor-element elementor-element-5e91a71 elementor-section-stretched elementor-section-full_width elementor-section-content-middle elementor-section-height-default elementor-section-height-default\" data-id=\"5e91a71\" data-element_type=\"section\" data-settings=\"{&quot;stretch_section&quot;:&quot;section-stretched&quot;,&quot;background_background&quot;:&quot;classic&quot;}\">\n\t\t\t\t\t\t\t<div class=\"elementor-background-overlay\"><\/div>\n\t\t\t\t\t\t\t<div class=\"elementor-container elementor-column-gap-no\">\n\t\t\t\t\t<div class=\"elementor-column elementor-col-50 elementor-top-column elementor-element elementor-element-164a82f elementor-invisible\" data-id=\"164a82f\" data-element_type=\"column\" data-settings=\"{&quot;background_background&quot;:&quot;classic&quot;,&quot;animation&quot;:&quot;slideInLeft&quot;}\">\n\t\t\t<div class=\"elementor-widget-wrap elementor-element-populated\">\n\t\t\t\t\t<div class=\"elementor-background-overlay\"><\/div>\n\t\t\t\t\t\t<div class=\"elementor-element elementor-element-894e8d8 elementor-widget elementor-widget-heading\" data-id=\"894e8d8\" data-element_type=\"widget\" data-widget_type=\"heading.default\">\n\t\t\t\t<div class=\"elementor-widget-container\">\n\t\t\t\t\t<h2 class=\"elementor-heading-title elementor-size-default\">Examen de la vue<\/h2>\t\t\t\t<\/div>\n\t\t\t\t<\/div>\n\t\t\t\t<div class=\"elementor-element elementor-element-6af885e elementor-widget elementor-widget-text-editor\" data-id=\"6af885e\" data-element_type=\"widget\" data-widget_type=\"text-editor.default\">\n\t\t\t\t<div class=\"elementor-widget-container\">\n\t\t\t\t\t\t\t\t\t<p>Nos deux optom\u00e9tristes dipl\u00f4m\u00e9s sont des professionnels de la sant\u00e9 visuelle, r\u00e9gi par le code de la sant\u00e9 publique en Suisse. Pour effectuer votre bilan visuel, nous disposons de deux salles d&rsquo;examens \u00e0 l\u2019\u00e9cart de l\u2019espace de vente, pour vous assurer calme et confidentialit\u00e9.<\/p><p>Ces salles d&rsquo;examens sont \u00e9quip\u00e9s des derni\u00e8res technologies pour r\u00e9aliser votre bilan optique avec la plus grande pr\u00e9cision.<\/p><p>(Mesure de la pression sur demande)<\/p>\t\t\t\t\t\t\t\t<\/div>\n\t\t\t\t<\/div>\n\t\t\t\t<div class=\"elementor-element elementor-element-345b18b elementor-widget elementor-widget-image\" data-id=\"345b18b\" data-element_type=\"widget\" data-widget_type=\"image.default\">\n\t\t\t\t<div class=\"elementor-widget-container\">\n\t\t\t\t\t\t\t\t\t\t\t\t\t\t\t\t<a href=\"https:\/\/www.dynoptic.ch\/fr\/ce-que-vous-devez-savoir\/sante-des-yeux\/index.php\" target=\"_blank\">\n\t\t\t\t\t\t\t<img decoding=\"async\" width=\"139\" height=\"151\" src=\"https:\/\/www.hansen-optic.ch\/wp-content\/uploads\/2019\/09\/logo-dynoptic.webp\" class=\"attachment-medium size-medium wp-image-2527\" alt=\"\" \/>\t\t\t\t\t\t\t\t<\/a>\n\t\t\t\t\t\t\t\t\t\t\t\t\t\t\t<\/div>\n\t\t\t\t<\/div>\n\t\t\t\t\t<\/div>\n\t\t<\/div>\n\t\t\t\t<div class=\"elementor-column elementor-col-50 elementor-top-column elementor-element elementor-element-d8274a7 elementor-invisible\" data-id=\"d8274a7\" data-element_type=\"column\" data-settings=\"{&quot;background_background&quot;:&quot;slideshow&quot;,&quot;background_slideshow_gallery&quot;:[{&quot;id&quot;:1598,&quot;url&quot;:&quot;https:\\\/\\\/www.hansen-optic.ch\\\/wp-content\\\/uploads\\\/2020\\\/11\\\/Capture-de\\u0301cran-2020-11-21-a\\u0300-15.10.27.png&quot;},{&quot;id&quot;:206,&quot;url&quot;:&quot;https:\\\/\\\/www.hansen-optic.ch\\\/wp-content\\\/uploads\\\/2019\\\/05\\\/eyes-3613710_1920.jpg&quot;}],&quot;background_slideshow_ken_burns&quot;:&quot;yes&quot;,&quot;background_slideshow_ken_burns_zoom_direction&quot;:&quot;out&quot;,&quot;animation&quot;:&quot;slideInRight&quot;,&quot;animation_delay&quot;:200,&quot;background_slideshow_loop&quot;:&quot;yes&quot;,&quot;background_slideshow_slide_duration&quot;:5000,&quot;background_slideshow_slide_transition&quot;:&quot;fade&quot;,&quot;background_slideshow_transition_duration&quot;:500}\">\n\t\t\t<div class=\"elementor-widget-wrap elementor-element-populated\">\n\t\t\t\t\t\t<div class=\"elementor-element elementor-element-2227b34 elementor-widget elementor-widget-spacer\" data-id=\"2227b34\" data-element_type=\"widget\" data-widget_type=\"spacer.default\">\n\t\t\t\t<div class=\"elementor-widget-container\">\n\t\t\t\t\t\t\t<div class=\"elementor-spacer\">\n\t\t\t<div class=\"elementor-spacer-inner\"><\/div>\n\t\t<\/div>\n\t\t\t\t\t\t<\/div>\n\t\t\t\t<\/div>\n\t\t\t\t\t<\/div>\n\t\t<\/div>\n\t\t\t\t\t<\/div>\n\t\t<\/section>\n\t\t\t\t<section class=\"elementor-section elementor-top-section elementor-element elementor-element-714c861 elementor-section-content-middle elementor-section-stretched elementor-section-full_width elementor-reverse-mobile elementor-section-height-default elementor-section-height-default elementor-invisible\" data-id=\"714c861\" data-element_type=\"section\" data-settings=\"{&quot;background_background&quot;:&quot;classic&quot;,&quot;animation&quot;:&quot;fadeIn&quot;,&quot;stretch_section&quot;:&quot;section-stretched&quot;}\">\n\t\t\t\t\t\t\t<div class=\"elementor-background-overlay\"><\/div>\n\t\t\t\t\t\t\t<div class=\"elementor-container elementor-column-gap-no\">\n\t\t\t\t\t<div class=\"elementor-column elementor-col-50 elementor-top-column elementor-element elementor-element-bef86c7 elementor-invisible\" data-id=\"bef86c7\" data-element_type=\"column\" data-settings=\"{&quot;background_background&quot;:&quot;slideshow&quot;,&quot;background_slideshow_gallery&quot;:[{&quot;id&quot;:1765,&quot;url&quot;:&quot;https:\\\/\\\/www.hansen-optic.ch\\\/wp-content\\\/uploads\\\/2021\\\/01\\\/visagisme-sierre.jpg&quot;}],&quot;animation&quot;:&quot;slideInLeft&quot;,&quot;animation_delay&quot;:400,&quot;background_slideshow_loop&quot;:&quot;yes&quot;,&quot;background_slideshow_slide_duration&quot;:5000,&quot;background_slideshow_slide_transition&quot;:&quot;fade&quot;,&quot;background_slideshow_transition_duration&quot;:500}\">\n\t\t\t<div class=\"elementor-widget-wrap elementor-element-populated\">\n\t\t\t\t\t\t<div class=\"elementor-element elementor-element-a11a65c elementor-widget elementor-widget-spacer\" data-id=\"a11a65c\" data-element_type=\"widget\" data-widget_type=\"spacer.default\">\n\t\t\t\t<div class=\"elementor-widget-container\">\n\t\t\t\t\t\t\t<div class=\"elementor-spacer\">\n\t\t\t<div class=\"elementor-spacer-inner\"><\/div>\n\t\t<\/div>\n\t\t\t\t\t\t<\/div>\n\t\t\t\t<\/div>\n\t\t\t\t\t<\/div>\n\t\t<\/div>\n\t\t\t\t<div class=\"elementor-column elementor-col-50 elementor-top-column elementor-element elementor-element-8c76b29 elementor-invisible\" data-id=\"8c76b29\" data-element_type=\"column\" data-settings=\"{&quot;animation&quot;:&quot;slideInRight&quot;,&quot;animation_delay&quot;:800}\">\n\t\t\t<div class=\"elementor-widget-wrap elementor-element-populated\">\n\t\t\t\t\t\t<div class=\"elementor-element elementor-element-40433ff elementor-widget elementor-widget-heading\" data-id=\"40433ff\" data-element_type=\"widget\" data-widget_type=\"heading.default\">\n\t\t\t\t<div class=\"elementor-widget-container\">\n\t\t\t\t\t<h2 class=\"elementor-heading-title elementor-size-default\">Visagisme<\/h2>\t\t\t\t<\/div>\n\t\t\t\t<\/div>\n\t\t\t\t<div class=\"elementor-element elementor-element-068df98 elementor-widget elementor-widget-text-editor\" data-id=\"068df98\" data-element_type=\"widget\" data-widget_type=\"text-editor.default\">\n\t\t\t\t<div class=\"elementor-widget-container\">\n\t\t\t\t\t\t\t\t\t<p>Choisir une nouvelle paire de lunettes n\u2019est pas toujours facile. C\u2019est pourquoi notre \u00e9quipe est \u00e0 votre disposition pour vous aider dans vos choix, vous proposer diff\u00e9rents mod\u00e8les et parfois sortir des sentiers battus.<\/p><p>N\u2019h\u00e9sitez pas \u00e0 venir nous visiter afin de discuter de vos envies et de vos attentes. Nous nous ferons un plaisir de vous accompagner dans votre univers gr\u00e2ce \u00e0 notre grand choix de lunettes cr\u00e9ateurs.<\/p>\t\t\t\t\t\t\t\t<\/div>\n\t\t\t\t<\/div>\n\t\t\t\t\t<\/div>\n\t\t<\/div>\n\t\t\t\t\t<\/div>\n\t\t<\/section>\n\t\t\t\t<section class=\"elementor-section elementor-top-section elementor-element elementor-element-65ee6c5 elementor-section-stretched elementor-section-full_width elementor-section-content-middle elementor-section-height-default elementor-section-height-default\" data-id=\"65ee6c5\" data-element_type=\"section\" data-settings=\"{&quot;stretch_section&quot;:&quot;section-stretched&quot;,&quot;background_background&quot;:&quot;classic&quot;}\">\n\t\t\t\t\t\t\t<div class=\"elementor-background-overlay\"><\/div>\n\t\t\t\t\t\t\t<div class=\"elementor-container elementor-column-gap-no\">\n\t\t\t\t\t<div class=\"elementor-column elementor-col-50 elementor-top-column elementor-element elementor-element-d37fbd0 elementor-invisible\" data-id=\"d37fbd0\" data-element_type=\"column\" data-settings=\"{&quot;animation&quot;:&quot;slideInLeft&quot;,&quot;animation_delay&quot;:200}\">\n\t\t\t<div class=\"elementor-widget-wrap elementor-element-populated\">\n\t\t\t\t\t\t<div class=\"elementor-element elementor-element-0b26f48 elementor-widget elementor-widget-heading\" data-id=\"0b26f48\" data-element_type=\"widget\" data-widget_type=\"heading.default\">\n\t\t\t\t<div class=\"elementor-widget-container\">\n\t\t\t\t\t<h2 class=\"elementor-heading-title elementor-size-default\">Atelier de montage<\/h2>\t\t\t\t<\/div>\n\t\t\t\t<\/div>\n\t\t\t\t<div class=\"elementor-element elementor-element-21d15d7 elementor-widget elementor-widget-text-editor\" data-id=\"21d15d7\" data-element_type=\"widget\" data-widget_type=\"text-editor.default\">\n\t\t\t\t<div class=\"elementor-widget-container\">\n\t\t\t\t\t\t\t\t\t<p>Nous r\u00e9alisons, au sein de notre atelier, tout type de montage de verres optiques sur vos lunettes, et n\u2019importe quelle r\u00e9paration et entretien (visserie, soudures, remplacement des pi\u00e8ces d\u2019usure et nettoyages \u00e0 l\u2019ultrason)<\/p><p>L\u2019atelier est le c\u0153ur cach\u00e9 de notre magasin et vos lunettes n\u2019appartiennent qu\u2019\u00e0 vous. Nous avons une ligne de montage de derni\u00e8re g\u00e9n\u00e9ration afin d\u2019\u00eatre toujours les plus performants pour votre confort de vue et de vie.<\/p>\t\t\t\t\t\t\t\t<\/div>\n\t\t\t\t<\/div>\n\t\t\t\t\t<\/div>\n\t\t<\/div>\n\t\t\t\t<div class=\"elementor-column elementor-col-50 elementor-top-column elementor-element elementor-element-98eb58a elementor-invisible\" data-id=\"98eb58a\" data-element_type=\"column\" data-settings=\"{&quot;background_background&quot;:&quot;slideshow&quot;,&quot;background_slideshow_gallery&quot;:[{&quot;id&quot;:1967,&quot;url&quot;:&quot;https:\\\/\\\/www.hansen-optic.ch\\\/wp-content\\\/uploads\\\/2021\\\/02\\\/optique-sierre-scaled.jpg&quot;},{&quot;id&quot;:1968,&quot;url&quot;:&quot;https:\\\/\\\/www.hansen-optic.ch\\\/wp-content\\\/uploads\\\/2021\\\/02\\\/atelier-lunettes-sierre-scaled.jpg&quot;}],&quot;animation&quot;:&quot;slideInRight&quot;,&quot;animation_delay&quot;:600,&quot;background_slideshow_transition_duration&quot;:3000,&quot;background_slideshow_loop&quot;:&quot;yes&quot;,&quot;background_slideshow_slide_duration&quot;:5000,&quot;background_slideshow_slide_transition&quot;:&quot;fade&quot;}\">\n\t\t\t<div class=\"elementor-widget-wrap elementor-element-populated\">\n\t\t\t\t\t\t<div class=\"elementor-element elementor-element-3f59633 elementor-widget elementor-widget-spacer\" data-id=\"3f59633\" data-element_type=\"widget\" data-widget_type=\"spacer.default\">\n\t\t\t\t<div class=\"elementor-widget-container\">\n\t\t\t\t\t\t\t<div class=\"elementor-spacer\">\n\t\t\t<div class=\"elementor-spacer-inner\"><\/div>\n\t\t<\/div>\n\t\t\t\t\t\t<\/div>\n\t\t\t\t<\/div>\n\t\t\t\t\t<\/div>\n\t\t<\/div>\n\t\t\t\t\t<\/div>\n\t\t<\/section>\n\t\t\t\t<section class=\"elementor-section elementor-top-section elementor-element elementor-element-0ba1f22 elementor-section-content-middle elementor-section-stretched elementor-section-full_width elementor-reverse-mobile elementor-section-height-default elementor-section-height-default elementor-invisible\" data-id=\"0ba1f22\" data-element_type=\"section\" data-settings=\"{&quot;background_background&quot;:&quot;classic&quot;,&quot;animation&quot;:&quot;fadeIn&quot;,&quot;stretch_section&quot;:&quot;section-stretched&quot;}\">\n\t\t\t\t\t\t\t<div class=\"elementor-background-overlay\"><\/div>\n\t\t\t\t\t\t\t<div class=\"elementor-container elementor-column-gap-no\">\n\t\t\t\t\t<div class=\"elementor-column elementor-col-50 elementor-top-column elementor-element elementor-element-dc3f0f2 elementor-invisible\" data-id=\"dc3f0f2\" data-element_type=\"column\" data-settings=\"{&quot;background_background&quot;:&quot;slideshow&quot;,&quot;background_slideshow_gallery&quot;:[{&quot;id&quot;:1766,&quot;url&quot;:&quot;https:\\\/\\\/www.hansen-optic.ch\\\/wp-content\\\/uploads\\\/2021\\\/01\\\/test-vue-permis-sierre.jpg&quot;}],&quot;animation&quot;:&quot;slideInLeft&quot;,&quot;animation_delay&quot;:400,&quot;background_slideshow_loop&quot;:&quot;yes&quot;,&quot;background_slideshow_slide_duration&quot;:5000,&quot;background_slideshow_slide_transition&quot;:&quot;fade&quot;,&quot;background_slideshow_transition_duration&quot;:500}\">\n\t\t\t<div class=\"elementor-widget-wrap elementor-element-populated\">\n\t\t\t\t\t\t<div class=\"elementor-element elementor-element-f1c6d64 elementor-widget elementor-widget-spacer\" data-id=\"f1c6d64\" data-element_type=\"widget\" data-widget_type=\"spacer.default\">\n\t\t\t\t<div class=\"elementor-widget-container\">\n\t\t\t\t\t\t\t<div class=\"elementor-spacer\">\n\t\t\t<div class=\"elementor-spacer-inner\"><\/div>\n\t\t<\/div>\n\t\t\t\t\t\t<\/div>\n\t\t\t\t<\/div>\n\t\t\t\t\t<\/div>\n\t\t<\/div>\n\t\t\t\t<div class=\"elementor-column elementor-col-50 elementor-top-column elementor-element elementor-element-1554d67 elementor-invisible\" data-id=\"1554d67\" data-element_type=\"column\" data-settings=\"{&quot;animation&quot;:&quot;slideInRight&quot;,&quot;animation_delay&quot;:800}\">\n\t\t\t<div class=\"elementor-widget-wrap elementor-element-populated\">\n\t\t\t\t\t\t<div class=\"elementor-element elementor-element-3f132db elementor-widget elementor-widget-heading\" data-id=\"3f132db\" data-element_type=\"widget\" data-widget_type=\"heading.default\">\n\t\t\t\t<div class=\"elementor-widget-container\">\n\t\t\t\t\t<h2 class=\"elementor-heading-title elementor-size-default\">Test permis<\/h2>\t\t\t\t<\/div>\n\t\t\t\t<\/div>\n\t\t\t\t<div class=\"elementor-element elementor-element-c4ea37d elementor-widget elementor-widget-text-editor\" data-id=\"c4ea37d\" data-element_type=\"widget\" data-widget_type=\"text-editor.default\">\n\t\t\t\t<div class=\"elementor-widget-container\">\n\t\t\t\t\t\t\t\t\t<p>Nous sommes agr\u00e9\u00e9 par le Canton du Valais &amp; le <a href=\"https:\/\/www.govs.ch\/fr\/\">G<strong>OV&rsquo;s<\/strong><\/a> pour effectuer les tests pour les permis de conduire en vue d\u2019un nouveau permis priv\u00e9 ou d&rsquo;un changement de permis \u00e9tranger.<\/p><p>Dur\u00e9e +\/- 15 min.\u00a0 Prix Fr. 20.-<\/p><p>\u00a0\u00a0\u00a0\u00a0\u00a0\u00a0\u00a0\u00a0\u00a0\u00a0 <strong>Sans rendez-vous !<\/strong><\/p><p>(sauf pour les renouvellements de permis apr\u00e8s 75 ans).<\/p>\t\t\t\t\t\t\t\t<\/div>\n\t\t\t\t<\/div>\n\t\t\t\t\t<\/div>\n\t\t<\/div>\n\t\t\t\t\t<\/div>\n\t\t<\/section>\n\t\t\t\t<section class=\"elementor-section elementor-top-section elementor-element elementor-element-c5a654c elementor-section-stretched elementor-section-full_width elementor-section-content-middle elementor-section-height-default elementor-section-height-default\" data-id=\"c5a654c\" data-element_type=\"section\" data-settings=\"{&quot;stretch_section&quot;:&quot;section-stretched&quot;,&quot;background_background&quot;:&quot;classic&quot;}\">\n\t\t\t\t\t\t\t<div class=\"elementor-background-overlay\"><\/div>\n\t\t\t\t\t\t\t<div class=\"elementor-container elementor-column-gap-no\">\n\t\t\t\t\t<div class=\"elementor-column elementor-col-50 elementor-top-column elementor-element elementor-element-d98d84d elementor-invisible\" data-id=\"d98d84d\" data-element_type=\"column\" data-settings=\"{&quot;animation&quot;:&quot;slideInLeft&quot;,&quot;animation_delay&quot;:200}\">\n\t\t\t<div class=\"elementor-widget-wrap elementor-element-populated\">\n\t\t\t\t\t\t<div class=\"elementor-element elementor-element-61a622f elementor-widget elementor-widget-heading\" data-id=\"61a622f\" data-element_type=\"widget\" data-widget_type=\"heading.default\">\n\t\t\t\t<div class=\"elementor-widget-container\">\n\t\t\t\t\t<h2 class=\"elementor-heading-title elementor-size-default\">Lentilles<\/h2>\t\t\t\t<\/div>\n\t\t\t\t<\/div>\n\t\t\t\t<div class=\"elementor-element elementor-element-257a093 elementor-widget elementor-widget-text-editor\" data-id=\"257a093\" data-element_type=\"widget\" data-widget_type=\"text-editor.default\">\n\t\t\t\t<div class=\"elementor-widget-container\">\n\t\t\t\t\t\t\t\t\t<p>Dans notre laboratoire d\u2019adaptation de lentilles de contact, au premier \u00e9tage sur rendez-vous, notre optom\u00e9triste dipl\u00f4m\u00e9 en contactologie vous conseillera sur tous les types de lentilles de contact, des souples aux flexibles, les mieux adapt\u00e9es \u00e0 vos besoins.<\/p>\t\t\t\t\t\t\t\t<\/div>\n\t\t\t\t<\/div>\n\t\t\t\t<div class=\"elementor-element elementor-element-3b88266 elementor-align-center elementor-invisible elementor-widget elementor-widget-global elementor-global-1750 elementor-widget-button\" data-id=\"3b88266\" data-element_type=\"widget\" data-settings=\"{&quot;_animation&quot;:&quot;fadeInDown&quot;,&quot;_animation_delay&quot;:800}\" data-widget_type=\"button.default\">\n\t\t\t\t<div class=\"elementor-widget-container\">\n\t\t\t\t\t\t\t\t\t<div class=\"elementor-button-wrapper\">\n\t\t\t\t\t<a class=\"elementor-button elementor-button-link elementor-size-sm elementor-animation-pulse\" href=\"\/de\/contact\/\">\n\t\t\t\t\t\t<span class=\"elementor-button-content-wrapper\">\n\t\t\t\t\t\t\t\t\t<span class=\"elementor-button-text\">Prendre<br>rendez-vous<\/span>\n\t\t\t\t\t<\/span>\n\t\t\t\t\t<\/a>\n\t\t\t\t<\/div>\n\t\t\t\t\t\t\t\t<\/div>\n\t\t\t\t<\/div>\n\t\t\t\t<div class=\"elementor-element elementor-element-b92c8c6 elementor-align-center elementor-invisible elementor-widget elementor-widget-global elementor-global-1413 elementor-widget-button\" data-id=\"b92c8c6\" data-element_type=\"widget\" data-settings=\"{&quot;_animation&quot;:&quot;fadeInUp&quot;,&quot;_animation_delay&quot;:1400}\" data-widget_type=\"button.default\">\n\t\t\t\t<div class=\"elementor-widget-container\">\n\t\t\t\t\t\t\t\t\t<div class=\"elementor-button-wrapper\">\n\t\t\t\t\t<a class=\"elementor-button elementor-button-link elementor-size-sm elementor-animation-pulse\" href=\"\/de\/commande-de-lentilles\/\">\n\t\t\t\t\t\t<span class=\"elementor-button-content-wrapper\">\n\t\t\t\t\t\t\t\t\t<span class=\"elementor-button-text\">Commande de<br> lentilles<\/span>\n\t\t\t\t\t<\/span>\n\t\t\t\t\t<\/a>\n\t\t\t\t<\/div>\n\t\t\t\t\t\t\t\t<\/div>\n\t\t\t\t<\/div>\n\t\t\t\t<div class=\"elementor-element elementor-element-6969414 elementor-widget elementor-widget-image\" data-id=\"6969414\" data-element_type=\"widget\" data-widget_type=\"image.default\">\n\t\t\t\t<div class=\"elementor-widget-container\">\n\t\t\t\t\t\t\t\t\t\t\t\t\t\t\t\t<a href=\"https:\/\/www.dynoptic.ch\/fr\/ce-que-vous-devez-savoir\/sante-des-yeux\/index.php\" target=\"_blank\">\n\t\t\t\t\t\t\t<img decoding=\"async\" width=\"139\" height=\"151\" src=\"https:\/\/www.hansen-optic.ch\/wp-content\/uploads\/2019\/09\/logo-dynoptic.webp\" class=\"attachment-medium size-medium wp-image-2527\" alt=\"\" \/>\t\t\t\t\t\t\t\t<\/a>\n\t\t\t\t\t\t\t\t\t\t\t\t\t\t\t<\/div>\n\t\t\t\t<\/div>\n\t\t\t\t\t<\/div>\n\t\t<\/div>\n\t\t\t\t<div class=\"elementor-column elementor-col-50 elementor-top-column elementor-element elementor-element-32ff6ee elementor-invisible\" data-id=\"32ff6ee\" data-element_type=\"column\" data-settings=\"{&quot;background_background&quot;:&quot;slideshow&quot;,&quot;background_slideshow_gallery&quot;:[{&quot;id&quot;:1140,&quot;url&quot;:&quot;https:\\\/\\\/www.hansen-optic.ch\\\/wp-content\\\/uploads\\\/2019\\\/09\\\/lentilles-contact-valais.jpg&quot;}],&quot;animation&quot;:&quot;slideInRight&quot;,&quot;animation_delay&quot;:600,&quot;background_slideshow_loop&quot;:&quot;yes&quot;,&quot;background_slideshow_slide_duration&quot;:5000,&quot;background_slideshow_slide_transition&quot;:&quot;fade&quot;,&quot;background_slideshow_transition_duration&quot;:500}\">\n\t\t\t<div class=\"elementor-widget-wrap elementor-element-populated\">\n\t\t\t\t\t\t<div class=\"elementor-element elementor-element-c599d3a elementor-widget elementor-widget-spacer\" data-id=\"c599d3a\" data-element_type=\"widget\" data-widget_type=\"spacer.default\">\n\t\t\t\t<div class=\"elementor-widget-container\">\n\t\t\t\t\t\t\t<div class=\"elementor-spacer\">\n\t\t\t<div class=\"elementor-spacer-inner\"><\/div>\n\t\t<\/div>\n\t\t\t\t\t\t<\/div>\n\t\t\t\t<\/div>\n\t\t\t\t\t<\/div>\n\t\t<\/div>\n\t\t\t\t\t<\/div>\n\t\t<\/section>\n\t\t\t\t<section class=\"elementor-section elementor-top-section elementor-element elementor-element-2fed32b elementor-section-stretched elementor-section-full_width elementor-section-height-min-height elementor-section-content-middle elementor-section-height-default elementor-section-items-middle\" data-id=\"2fed32b\" data-element_type=\"section\" data-settings=\"{&quot;stretch_section&quot;:&quot;section-stretched&quot;,&quot;background_background&quot;:&quot;classic&quot;}\">\n\t\t\t\t\t\t\t<div class=\"elementor-background-overlay\"><\/div>\n\t\t\t\t\t\t\t<div class=\"elementor-container elementor-column-gap-no\">\n\t\t\t\t\t<div class=\"elementor-column elementor-col-100 elementor-top-column elementor-element elementor-element-6d39889\" data-id=\"6d39889\" data-element_type=\"column\">\n\t\t\t<div class=\"elementor-widget-wrap elementor-element-populated\">\n\t\t\t\t\t\t<div class=\"elementor-element elementor-element-144e1ea elementor-widget elementor-widget-heading\" data-id=\"144e1ea\" data-element_type=\"widget\" data-widget_type=\"heading.default\">\n\t\t\t\t<div class=\"elementor-widget-container\">\n\t\t\t\t\t<div class=\"elementor-heading-title elementor-size-medium\">Tourn\u00e9s vers l'avenir depuis plus de 50 ans<\/div>\t\t\t\t<\/div>\n\t\t\t\t<\/div>\n\t\t\t\t\t<\/div>\n\t\t<\/div>\n\t\t\t\t\t<\/div>\n\t\t<\/section>\n\t\t\t\t<\/div>","protected":false},"excerpt":{"rendered":"<p>Examen de la vue Nos deux optom\u00e9tristes dipl\u00f4m\u00e9s sont des professionnels de la sant\u00e9 visuelle, r\u00e9gi par le code de la sant\u00e9 publique en Suisse. Pour effectuer votre bilan visuel, nous disposons de deux salles d&rsquo;examens \u00e0 l\u2019\u00e9cart de l\u2019espace de vente, pour vous assurer calme et confidentialit\u00e9. Ces salles d&rsquo;examens sont \u00e9quip\u00e9s des derni\u00e8res [&hellip;]<\/p>","protected":false},"author":1,"featured_media":0,"parent":0,"menu_order":0,"comment_status":"closed","ping_status":"closed","template":"","meta":{"footnotes":""},"class_list":["post-1749","page","type-page","status-publish","hentry"],"yoast_head":"<!-- This site is optimized with the Yoast SEO plugin v25.8 - https:\/\/yoast.com\/wordpress\/plugins\/seo\/ -->\r\n<title>Nos services Hansen Optique SA - Sierre &#8226; Hansen-Optique SA<\/title>\r\n<meta name=\"description\" content=\"Lunettes, lentilles, contr\u00f4le de la vue. B\u00e9n\u00e9ficiez de conseils personnalis\u00e9s qui d\u00e9finiront votre \u00e9quilibre entre esth\u00e9tique, confort et vision nette.\" \/>\r\n<meta name=\"robots\" content=\"index, follow, max-snippet:-1, max-image-preview:large, max-video-preview:-1\" \/>\r\n<link rel=\"canonical\" href=\"https:\/\/www.hansen-optic.ch\/de\/nos-services-hansen-optique-sa-sierre\/\" \/>\r\n<meta property=\"og:locale\" content=\"de_DE\" \/>\r\n<meta property=\"og:type\" content=\"article\" \/>\r\n<meta property=\"og:title\" content=\"Nos services Hansen Optique SA - Sierre &#8226; Hansen-Optique SA\" \/>\r\n<meta property=\"og:description\" content=\"Lunettes, lentilles, contr\u00f4le de la vue. B\u00e9n\u00e9ficiez de conseils personnalis\u00e9s qui d\u00e9finiront votre \u00e9quilibre entre esth\u00e9tique, confort et vision nette.\" \/>\r\n<meta property=\"og:url\" content=\"https:\/\/www.hansen-optic.ch\/de\/nos-services-hansen-optique-sa-sierre\/\" \/>\r\n<meta property=\"og:site_name\" content=\"Hansen-Optique SA\" \/>\r\n<meta property=\"article:publisher\" content=\"https:\/\/www.facebook.com\/HansenOptiqueSierre\/\" \/>\r\n<meta property=\"article:modified_time\" content=\"2025-06-11T09:39:21+00:00\" \/>\r\n<meta property=\"og:image\" content=\"https:\/\/www.hansen-optic.ch\/wp-content\/uploads\/2019\/09\/logo-dynoptic.webp\" \/>\r\n\t<meta property=\"og:image:width\" content=\"139\" \/>\r\n\t<meta property=\"og:image:height\" content=\"151\" \/>\r\n\t<meta property=\"og:image:type\" content=\"image\/webp\" \/>\r\n<meta name=\"twitter:card\" content=\"summary_large_image\" \/>\r\n<meta name=\"twitter:label1\" content=\"Gesch\u00e4tzte Lesezeit\" \/>\n\t<meta name=\"twitter:data1\" content=\"3\u00a0Minuten\" \/>\r\n<script type=\"application\/ld+json\" class=\"yoast-schema-graph\">{\"@context\":\"https:\/\/schema.org\",\"@graph\":[{\"@type\":\"WebPage\",\"@id\":\"https:\/\/www.hansen-optic.ch\/nos-services-hansen-optique-sa-sierre\/\",\"url\":\"https:\/\/www.hansen-optic.ch\/nos-services-hansen-optique-sa-sierre\/\",\"name\":\"Nos services Hansen Optique SA - Sierre &#8226; Hansen-Optique SA\",\"isPartOf\":{\"@id\":\"https:\/\/www.hansen-optic.ch\/#website\"},\"primaryImageOfPage\":{\"@id\":\"https:\/\/www.hansen-optic.ch\/nos-services-hansen-optique-sa-sierre\/#primaryimage\"},\"image\":{\"@id\":\"https:\/\/www.hansen-optic.ch\/nos-services-hansen-optique-sa-sierre\/#primaryimage\"},\"thumbnailUrl\":\"https:\/\/www.hansen-optic.ch\/wp-content\/uploads\/2019\/09\/logo-dynoptic.webp\",\"datePublished\":\"2021-01-16T08:13:56+00:00\",\"dateModified\":\"2025-06-11T09:39:21+00:00\",\"description\":\"Lunettes, lentilles, contr\u00f4le de la vue. B\u00e9n\u00e9ficiez de conseils personnalis\u00e9s qui d\u00e9finiront votre \u00e9quilibre entre esth\u00e9tique, confort et vision nette.\",\"breadcrumb\":{\"@id\":\"https:\/\/www.hansen-optic.ch\/nos-services-hansen-optique-sa-sierre\/#breadcrumb\"},\"inLanguage\":\"de\",\"potentialAction\":[{\"@type\":\"ReadAction\",\"target\":[\"https:\/\/www.hansen-optic.ch\/nos-services-hansen-optique-sa-sierre\/\"]}]},{\"@type\":\"ImageObject\",\"inLanguage\":\"de\",\"@id\":\"https:\/\/www.hansen-optic.ch\/nos-services-hansen-optique-sa-sierre\/#primaryimage\",\"url\":\"https:\/\/www.hansen-optic.ch\/wp-content\/uploads\/2019\/09\/logo-dynoptic.webp\",\"contentUrl\":\"https:\/\/www.hansen-optic.ch\/wp-content\/uploads\/2019\/09\/logo-dynoptic.webp\"},{\"@type\":\"BreadcrumbList\",\"@id\":\"https:\/\/www.hansen-optic.ch\/nos-services-hansen-optique-sa-sierre\/#breadcrumb\",\"itemListElement\":[{\"@type\":\"ListItem\",\"position\":1,\"name\":\"Home\",\"item\":\"https:\/\/www.hansen-optic.ch\/\"},{\"@type\":\"ListItem\",\"position\":2,\"name\":\"Nos services Hansen Optique SA &#8211; Sierre\"}]},{\"@type\":\"WebSite\",\"@id\":\"https:\/\/www.hansen-optic.ch\/#website\",\"url\":\"https:\/\/www.hansen-optic.ch\/\",\"name\":\"Hansen-Optique SA\",\"description\":\"Qualit\u00e9 | Pr\u00e9cision | Proximit\u00e9 - Voyez mieux, vivez mieux!\",\"publisher\":{\"@id\":\"https:\/\/www.hansen-optic.ch\/#organization\"},\"potentialAction\":[{\"@type\":\"SearchAction\",\"target\":{\"@type\":\"EntryPoint\",\"urlTemplate\":\"https:\/\/www.hansen-optic.ch\/?s={search_term_string}\"},\"query-input\":{\"@type\":\"PropertyValueSpecification\",\"valueRequired\":true,\"valueName\":\"search_term_string\"}}],\"inLanguage\":\"de\"},{\"@type\":\"Organization\",\"@id\":\"https:\/\/www.hansen-optic.ch\/#organization\",\"name\":\"Hansen Optique SA\",\"url\":\"https:\/\/www.hansen-optic.ch\/\",\"logo\":{\"@type\":\"ImageObject\",\"inLanguage\":\"de\",\"@id\":\"https:\/\/www.hansen-optic.ch\/#\/schema\/logo\/image\/\",\"url\":\"https:\/\/www.hansen-optic.ch\/wp-content\/uploads\/2025\/06\/Hansen_optique-lunetterie-sierre.png\",\"contentUrl\":\"https:\/\/www.hansen-optic.ch\/wp-content\/uploads\/2025\/06\/Hansen_optique-lunetterie-sierre.png\",\"width\":1082,\"height\":258,\"caption\":\"Hansen Optique SA\"},\"image\":{\"@id\":\"https:\/\/www.hansen-optic.ch\/#\/schema\/logo\/image\/\"},\"sameAs\":[\"https:\/\/www.facebook.com\/HansenOptiqueSierre\/\",\"https:\/\/www.instagram.com\/hansen_optique_sa\/\"]}]}<\/script>\r\n<!-- \/ Yoast SEO plugin. -->","yoast_head_json":{"title":"Nos services Hansen Optique SA - Sierre &#8226; Hansen-Optique SA","description":"Lunettes, lentilles, contr\u00f4le de la vue. B\u00e9n\u00e9ficiez de conseils personnalis\u00e9s qui d\u00e9finiront votre \u00e9quilibre entre esth\u00e9tique, confort et vision nette.","robots":{"index":"index","follow":"follow","max-snippet":"max-snippet:-1","max-image-preview":"max-image-preview:large","max-video-preview":"max-video-preview:-1"},"canonical":"https:\/\/www.hansen-optic.ch\/de\/nos-services-hansen-optique-sa-sierre\/","og_locale":"de_DE","og_type":"article","og_title":"Nos services Hansen Optique SA - Sierre &#8226; Hansen-Optique SA","og_description":"Lunettes, lentilles, contr\u00f4le de la vue. B\u00e9n\u00e9ficiez de conseils personnalis\u00e9s qui d\u00e9finiront votre \u00e9quilibre entre esth\u00e9tique, confort et vision nette.","og_url":"https:\/\/www.hansen-optic.ch\/de\/nos-services-hansen-optique-sa-sierre\/","og_site_name":"Hansen-Optique SA","article_publisher":"https:\/\/www.facebook.com\/HansenOptiqueSierre\/","article_modified_time":"2025-06-11T09:39:21+00:00","og_image":[{"width":139,"height":151,"url":"https:\/\/www.hansen-optic.ch\/wp-content\/uploads\/2019\/09\/logo-dynoptic.webp","type":"image\/webp"}],"twitter_card":"summary_large_image","twitter_misc":{"Gesch\u00e4tzte Lesezeit":"3\u00a0Minuten"},"schema":{"@context":"https:\/\/schema.org","@graph":[{"@type":"WebPage","@id":"https:\/\/www.hansen-optic.ch\/nos-services-hansen-optique-sa-sierre\/","url":"https:\/\/www.hansen-optic.ch\/nos-services-hansen-optique-sa-sierre\/","name":"Nos services Hansen Optique SA - Sierre &#8226; Hansen-Optique SA","isPartOf":{"@id":"https:\/\/www.hansen-optic.ch\/#website"},"primaryImageOfPage":{"@id":"https:\/\/www.hansen-optic.ch\/nos-services-hansen-optique-sa-sierre\/#primaryimage"},"image":{"@id":"https:\/\/www.hansen-optic.ch\/nos-services-hansen-optique-sa-sierre\/#primaryimage"},"thumbnailUrl":"https:\/\/www.hansen-optic.ch\/wp-content\/uploads\/2019\/09\/logo-dynoptic.webp","datePublished":"2021-01-16T08:13:56+00:00","dateModified":"2025-06-11T09:39:21+00:00","description":"Lunettes, lentilles, contr\u00f4le de la vue. B\u00e9n\u00e9ficiez de conseils personnalis\u00e9s qui d\u00e9finiront votre \u00e9quilibre entre esth\u00e9tique, confort et vision nette.","breadcrumb":{"@id":"https:\/\/www.hansen-optic.ch\/nos-services-hansen-optique-sa-sierre\/#breadcrumb"},"inLanguage":"de","potentialAction":[{"@type":"ReadAction","target":["https:\/\/www.hansen-optic.ch\/nos-services-hansen-optique-sa-sierre\/"]}]},{"@type":"ImageObject","inLanguage":"de","@id":"https:\/\/www.hansen-optic.ch\/nos-services-hansen-optique-sa-sierre\/#primaryimage","url":"https:\/\/www.hansen-optic.ch\/wp-content\/uploads\/2019\/09\/logo-dynoptic.webp","contentUrl":"https:\/\/www.hansen-optic.ch\/wp-content\/uploads\/2019\/09\/logo-dynoptic.webp"},{"@type":"BreadcrumbList","@id":"https:\/\/www.hansen-optic.ch\/nos-services-hansen-optique-sa-sierre\/#breadcrumb","itemListElement":[{"@type":"ListItem","position":1,"name":"Home","item":"https:\/\/www.hansen-optic.ch\/"},{"@type":"ListItem","position":2,"name":"Nos services Hansen Optique SA &#8211; Sierre"}]},{"@type":"WebSite","@id":"https:\/\/www.hansen-optic.ch\/#website","url":"https:\/\/www.hansen-optic.ch\/","name":"Hansen-Optique SA","description":"Qualit\u00e9 | Pr\u00e9cision | Proximit\u00e9 - Voyez mieux, vivez mieux!","publisher":{"@id":"https:\/\/www.hansen-optic.ch\/#organization"},"potentialAction":[{"@type":"SearchAction","target":{"@type":"EntryPoint","urlTemplate":"https:\/\/www.hansen-optic.ch\/?s={search_term_string}"},"query-input":{"@type":"PropertyValueSpecification","valueRequired":true,"valueName":"search_term_string"}}],"inLanguage":"de"},{"@type":"Organization","@id":"https:\/\/www.hansen-optic.ch\/#organization","name":"Hansen Optique SA","url":"https:\/\/www.hansen-optic.ch\/","logo":{"@type":"ImageObject","inLanguage":"de","@id":"https:\/\/www.hansen-optic.ch\/#\/schema\/logo\/image\/","url":"https:\/\/www.hansen-optic.ch\/wp-content\/uploads\/2025\/06\/Hansen_optique-lunetterie-sierre.png","contentUrl":"https:\/\/www.hansen-optic.ch\/wp-content\/uploads\/2025\/06\/Hansen_optique-lunetterie-sierre.png","width":1082,"height":258,"caption":"Hansen Optique SA"},"image":{"@id":"https:\/\/www.hansen-optic.ch\/#\/schema\/logo\/image\/"},"sameAs":["https:\/\/www.facebook.com\/HansenOptiqueSierre\/","https:\/\/www.instagram.com\/hansen_optique_sa\/"]}]}},"_links":{"self":[{"href":"https:\/\/www.hansen-optic.ch\/de\/wp-json\/wp\/v2\/pages\/1749","targetHints":{"allow":["GET"]}}],"collection":[{"href":"https:\/\/www.hansen-optic.ch\/de\/wp-json\/wp\/v2\/pages"}],"about":[{"href":"https:\/\/www.hansen-optic.ch\/de\/wp-json\/wp\/v2\/types\/page"}],"author":[{"embeddable":true,"href":"https:\/\/www.hansen-optic.ch\/de\/wp-json\/wp\/v2\/users\/1"}],"replies":[{"embeddable":true,"href":"https:\/\/www.hansen-optic.ch\/de\/wp-json\/wp\/v2\/comments?post=1749"}],"version-history":[{"count":5,"href":"https:\/\/www.hansen-optic.ch\/de\/wp-json\/wp\/v2\/pages\/1749\/revisions"}],"predecessor-version":[{"id":3318,"href":"https:\/\/www.hansen-optic.ch\/de\/wp-json\/wp\/v2\/pages\/1749\/revisions\/3318"}],"wp:attachment":[{"href":"https:\/\/www.hansen-optic.ch\/de\/wp-json\/wp\/v2\/media?parent=1749"}],"curies":[{"name":"wp","href":"https:\/\/api.w.org\/{rel}","templated":true}]}}