{"id":933,"date":"2019-09-13T08:17:49","date_gmt":"2019-09-13T08:17:49","guid":{"rendered":"https:\/\/www.hansen-optic.ch\/?page_id=933"},"modified":"2025-12-02T08:12:56","modified_gmt":"2025-12-02T08:12:56","slug":"hansen-optique-valais-3-2","status":"publish","type":"page","link":"https:\/\/www.hansen-optic.ch\/de\/","title":{"rendered":"Hansen Optique SA &#8211; Valais"},"content":{"rendered":"<div data-elementor-type=\"wp-page\" data-elementor-id=\"933\" class=\"elementor elementor-933\" data-elementor-post-type=\"page\">\n\t\t\t\t\t\t<section class=\"elementor-section elementor-top-section elementor-element elementor-element-d10c93d elementor-section-full_width elementor-section-height-full elementor-section-stretched elementor-section-items-top animated-slow elementor-section-height-default elementor-invisible\" data-id=\"d10c93d\" data-element_type=\"section\" data-settings=\"{&quot;stretch_section&quot;:&quot;section-stretched&quot;,&quot;animation&quot;:&quot;fadeIn&quot;}\">\n\t\t\t\t\t\t<div class=\"elementor-container elementor-column-gap-no\">\n\t\t\t\t\t<div class=\"elementor-column elementor-col-100 elementor-top-column elementor-element elementor-element-7b68d98\" data-id=\"7b68d98\" data-element_type=\"column\">\n\t\t\t<div class=\"elementor-widget-wrap elementor-element-populated\">\n\t\t\t\t\t\t<div class=\"elementor-element elementor-element-10a4c17 stroke elementor--h-position-center elementor--v-position-middle elementor-widget elementor-widget-slides\" data-id=\"10a4c17\" data-element_type=\"widget\" data-settings=\"{&quot;navigation&quot;:&quot;none&quot;,&quot;transition&quot;:&quot;fade&quot;,&quot;transition_speed&quot;:2500,&quot;autoplay&quot;:&quot;yes&quot;,&quot;pause_on_interaction&quot;:&quot;yes&quot;,&quot;autoplay_speed&quot;:5000,&quot;infinite&quot;:&quot;yes&quot;}\" data-widget_type=\"slides.default\">\n\t\t\t\t<div class=\"elementor-widget-container\">\n\t\t\t\t\t\t\t\t\t<div class=\"elementor-swiper\">\n\t\t\t\t\t<div class=\"elementor-slides-wrapper elementor-main-swiper swiper\" role=\"region\" aria-roledescription=\"carousel\" aria-label=\"Diapositives\" dir=\"ltr\" data-animation=\"zoomIn\">\n\t\t\t\t<div class=\"swiper-wrapper elementor-slides\">\n\t\t\t\t\t\t\t\t\t\t<div class=\"elementor-repeater-item-b5d0109 swiper-slide\" role=\"group\" aria-roledescription=\"slide\"><div class=\"swiper-slide-bg\" role=\"img\"><\/div><a class=\"swiper-slide-inner\" href=\"#examen\"><div class=\"swiper-slide-contents\"><div class=\"elementor-slide-heading\">Voyez mieux,<br>Vivez mieux!<\/div><\/div><\/a><\/div><div class=\"elementor-repeater-item-ac9736f swiper-slide\" role=\"group\" aria-roledescription=\"slide\"><div class=\"swiper-slide-bg\" role=\"img\"><\/div><a class=\"swiper-slide-inner\" href=\"#actus\"><div class=\"swiper-slide-contents\"><div class=\"elementor-slide-heading\">Actualit\u00e9s & Promos<\/div><\/div><\/a><\/div><div class=\"elementor-repeater-item-f2bac9d swiper-slide\" role=\"group\" aria-roledescription=\"slide\"><div class=\"swiper-slide-bg\" role=\"img\"><\/div><a class=\"swiper-slide-inner\" href=\"#optiswiss\"><div class=\"swiper-slide-contents\"><div class=\"elementor-slide-heading\">Pr\u00e9cision<br>Qualit\u00e9 Optiswiss<br>Technologie<\/div><\/div><\/a><\/div><div class=\"elementor-repeater-item-3867a80 swiper-slide\" role=\"group\" aria-roledescription=\"slide\"><div class=\"swiper-slide-bg\" role=\"img\"><\/div><a class=\"swiper-slide-inner\" href=\"#voir\"><div class=\"swiper-slide-contents\"><div class=\"elementor-slide-heading\">L'\u00e9l\u00e9gance et le confort au quotidien<\/div><\/div><\/a><\/div><div class=\"elementor-repeater-item-4519fd3 swiper-slide\" role=\"group\" aria-roledescription=\"slide\"><div class=\"swiper-slide-bg\" role=\"img\"><\/div><a class=\"swiper-slide-inner\" href=\"\/de\/contact\/\"><div class=\"swiper-slide-contents\"><div class=\"elementor-slide-description\">Hansen Optique S.A.<br>Av. G\u00e9n\u00e9ral Guisan 5<br>3960 Sierre<\/div><div  class=\"elementor-button elementor-slide-button elementor-size-sm\">Contactez-nous !<\/div><\/div><\/a><\/div>\t\t\t\t<\/div>\n\t\t\t\t\t\t\t\t\t\t\t\t\t\t\t\t\t\t\t\t\t<\/div>\n\t\t\t\t<\/div>\n\t\t\t\t\t\t\t\t<\/div>\n\t\t\t\t<\/div>\n\t\t\t\t\t<\/div>\n\t\t<\/div>\n\t\t\t\t\t<\/div>\n\t\t<\/section>\n\t\t\t\t<section class=\"elementor-section elementor-top-section elementor-element elementor-element-abbcdcd elementor-section-boxed elementor-section-height-default elementor-section-height-default\" data-id=\"abbcdcd\" data-element_type=\"section\" data-settings=\"{&quot;background_background&quot;:&quot;classic&quot;}\">\n\t\t\t\t\t\t<div class=\"elementor-container elementor-column-gap-default\">\n\t\t\t\t\t<div class=\"elementor-column elementor-col-100 elementor-top-column elementor-element elementor-element-0b737f9\" data-id=\"0b737f9\" data-element_type=\"column\">\n\t\t\t<div class=\"elementor-widget-wrap elementor-element-populated\">\n\t\t\t\t\t\t<div class=\"elementor-element elementor-element-d89757e elementor-position-left elementor-vertical-align-middle animated-slow elementor-invisible elementor-widget elementor-widget-image-box\" data-id=\"d89757e\" data-element_type=\"widget\" data-settings=\"{&quot;_animation&quot;:&quot;zoomIn&quot;,&quot;_animation_delay&quot;:400}\" data-widget_type=\"image-box.default\">\n\t\t\t\t<div class=\"elementor-widget-container\">\n\t\t\t\t\t<div class=\"elementor-image-box-wrapper\"><figure class=\"elementor-image-box-img\"><img decoding=\"async\" src=\"https:\/\/www.hansen-optic.ch\/wp-content\/uploads\/elementor\/thumbs\/dynoptic-pluwhfz1ikyl7j5xgzmj6sue3mv8z08ft43wbhya8w.webp\" title=\"dynoptic\" alt=\"dynoptic\" loading=\"lazy\" \/><\/figure><div class=\"elementor-image-box-content\"><p class=\"elementor-image-box-description\">Le label de qualit\u00e9 des opticiens ind\u00e9pendants en Suisse.<\/p><\/div><\/div>\t\t\t\t<\/div>\n\t\t\t\t<\/div>\n\t\t\t\t\t<\/div>\n\t\t<\/div>\n\t\t\t\t\t<\/div>\n\t\t<\/section>\n\t\t\t\t<section class=\"elementor-section elementor-top-section elementor-element elementor-element-5e91a71 elementor-section-stretched elementor-section-full_width elementor-section-content-middle elementor-section-height-default elementor-section-height-default\" data-id=\"5e91a71\" data-element_type=\"section\" data-settings=\"{&quot;stretch_section&quot;:&quot;section-stretched&quot;,&quot;background_background&quot;:&quot;classic&quot;}\">\n\t\t\t\t\t\t<div class=\"elementor-container elementor-column-gap-no\">\n\t\t\t\t\t<div class=\"elementor-column elementor-col-50 elementor-top-column elementor-element elementor-element-164a82f elementor-invisible\" data-id=\"164a82f\" data-element_type=\"column\" data-settings=\"{&quot;background_background&quot;:&quot;classic&quot;,&quot;animation&quot;:&quot;slideInLeft&quot;}\">\n\t\t\t<div class=\"elementor-widget-wrap elementor-element-populated\">\n\t\t\t\t\t<div class=\"elementor-background-overlay\"><\/div>\n\t\t\t\t\t\t<div class=\"elementor-element elementor-element-894e8d8 animated-slow elementor-invisible elementor-widget elementor-widget-heading\" data-id=\"894e8d8\" data-element_type=\"widget\" data-settings=\"{&quot;_animation&quot;:&quot;fadeInDown&quot;,&quot;_animation_delay&quot;:800}\" data-widget_type=\"heading.default\">\n\t\t\t\t<div class=\"elementor-widget-container\">\n\t\t\t\t\t<h1 class=\"elementor-heading-title elementor-size-default\">Notre Magasin<\/h1>\t\t\t\t<\/div>\n\t\t\t\t<\/div>\n\t\t\t\t<div class=\"elementor-element elementor-element-6af885e elementor-widget elementor-widget-text-editor\" data-id=\"6af885e\" data-element_type=\"widget\" data-widget_type=\"text-editor.default\">\n\t\t\t\t<div class=\"elementor-widget-container\">\n\t\t\t\t\t\t\t\t\t<p>Situ\u00e9 au coeur de la Cit\u00e9 du Soleil et forts de nos 50 ans d&rsquo;exp\u00e9rience, vous trouverez chez nous les conseils personnalis\u00e9s qui d\u00e9finiront <b>votre \u00e9quilibre entre esth\u00e9tique et confort visuel<\/b>.<\/p>\t\t\t\t\t\t\t\t<\/div>\n\t\t\t\t<\/div>\n\t\t\t\t\t<\/div>\n\t\t<\/div>\n\t\t\t\t<div class=\"elementor-column elementor-col-50 elementor-top-column elementor-element elementor-element-d8274a7 elementor-invisible\" data-id=\"d8274a7\" data-element_type=\"column\" data-settings=\"{&quot;background_background&quot;:&quot;slideshow&quot;,&quot;background_slideshow_gallery&quot;:[{&quot;id&quot;:955,&quot;url&quot;:&quot;https:\\\/\\\/www.hansen-optic.ch\\\/wp-content\\\/uploads\\\/2019\\\/09\\\/lunettes-sierre.png&quot;},{&quot;id&quot;:3076,&quot;url&quot;:&quot;https:\\\/\\\/www.hansen-optic.ch\\\/wp-content\\\/uploads\\\/2023\\\/10\\\/opticien-sierre-valais-4.jpeg&quot;},{&quot;id&quot;:3079,&quot;url&quot;:&quot;https:\\\/\\\/www.hansen-optic.ch\\\/wp-content\\\/uploads\\\/2023\\\/10\\\/opticien-sierre-valais-3.jpeg&quot;},{&quot;id&quot;:1171,&quot;url&quot;:&quot;https:\\\/\\\/www.hansen-optic.ch\\\/wp-content\\\/uploads\\\/2019\\\/09\\\/lentilles-de-contact-sierre.jpg&quot;},{&quot;id&quot;:3077,&quot;url&quot;:&quot;https:\\\/\\\/www.hansen-optic.ch\\\/wp-content\\\/uploads\\\/2023\\\/10\\\/opticien-sierre-valais-1.jpeg&quot;},{&quot;id&quot;:3078,&quot;url&quot;:&quot;https:\\\/\\\/www.hansen-optic.ch\\\/wp-content\\\/uploads\\\/2023\\\/10\\\/opticien-sierre-valais-2.jpeg&quot;}],&quot;animation&quot;:&quot;slideInRight&quot;,&quot;animation_delay&quot;:200,&quot;background_slideshow_loop&quot;:&quot;yes&quot;,&quot;background_slideshow_slide_duration&quot;:5000,&quot;background_slideshow_slide_transition&quot;:&quot;fade&quot;,&quot;background_slideshow_transition_duration&quot;:500}\">\n\t\t\t<div class=\"elementor-widget-wrap elementor-element-populated\">\n\t\t\t\t\t\t<div class=\"elementor-element elementor-element-2227b34 elementor-widget elementor-widget-spacer\" data-id=\"2227b34\" data-element_type=\"widget\" data-widget_type=\"spacer.default\">\n\t\t\t\t<div class=\"elementor-widget-container\">\n\t\t\t\t\t\t\t<div class=\"elementor-spacer\">\n\t\t\t<div class=\"elementor-spacer-inner\"><\/div>\n\t\t<\/div>\n\t\t\t\t\t\t<\/div>\n\t\t\t\t<\/div>\n\t\t\t\t\t<\/div>\n\t\t<\/div>\n\t\t\t\t\t<\/div>\n\t\t<\/section>\n\t\t\t\t<section class=\"elementor-section elementor-top-section elementor-element elementor-element-da8e509 elementor-section-stretched elementor-section-full_width elementor-section-height-default elementor-section-height-default\" data-id=\"da8e509\" data-element_type=\"section\" data-settings=\"{&quot;stretch_section&quot;:&quot;section-stretched&quot;,&quot;background_background&quot;:&quot;classic&quot;}\">\n\t\t\t\t\t\t\t<div class=\"elementor-background-overlay\"><\/div>\n\t\t\t\t\t\t\t<div class=\"elementor-container elementor-column-gap-no\">\n\t\t\t\t\t<div class=\"elementor-column elementor-col-100 elementor-top-column elementor-element elementor-element-63988c6\" data-id=\"63988c6\" data-element_type=\"column\">\n\t\t\t<div class=\"elementor-widget-wrap elementor-element-populated\">\n\t\t\t\t\t\t<div class=\"elementor-element elementor-element-09ddc11 elementor-widget elementor-widget-menu-anchor\" data-id=\"09ddc11\" data-element_type=\"widget\" data-widget_type=\"menu-anchor.default\">\n\t\t\t\t<div class=\"elementor-widget-container\">\n\t\t\t\t\t\t\t<div class=\"elementor-menu-anchor\" id=\"actus\"><\/div>\n\t\t\t\t\t\t<\/div>\n\t\t\t\t<\/div>\n\t\t\t\t<div class=\"elementor-element elementor-element-389847c elementor-widget elementor-widget-spacer\" data-id=\"389847c\" data-element_type=\"widget\" data-widget_type=\"spacer.default\">\n\t\t\t\t<div class=\"elementor-widget-container\">\n\t\t\t\t\t\t\t<div class=\"elementor-spacer\">\n\t\t\t<div class=\"elementor-spacer-inner\"><\/div>\n\t\t<\/div>\n\t\t\t\t\t\t<\/div>\n\t\t\t\t<\/div>\n\t\t\t\t<div class=\"elementor-element elementor-element-f6e682c elementor-invisible elementor-widget elementor-widget-heading\" data-id=\"f6e682c\" data-element_type=\"widget\" data-settings=\"{&quot;_animation&quot;:&quot;fadeInDown&quot;}\" data-widget_type=\"heading.default\">\n\t\t\t\t<div class=\"elementor-widget-container\">\n\t\t\t\t\t<h4 class=\"elementor-heading-title elementor-size-default\">Pour ne rien rater<\/h4>\t\t\t\t<\/div>\n\t\t\t\t<\/div>\n\t\t\t\t<div class=\"elementor-element elementor-element-398a005 animated-slow elementor-invisible elementor-widget elementor-widget-heading\" data-id=\"398a005\" data-element_type=\"widget\" data-settings=\"{&quot;_animation&quot;:&quot;fadeIn&quot;}\" data-widget_type=\"heading.default\">\n\t\t\t\t<div class=\"elementor-widget-container\">\n\t\t\t\t\t<h2 class=\"elementor-heading-title elementor-size-default\">Nos Actualit\u00e9s<\/h2>\t\t\t\t<\/div>\n\t\t\t\t<\/div>\n\t\t\t\t\t<\/div>\n\t\t<\/div>\n\t\t\t\t\t<\/div>\n\t\t<\/section>\n\t\t\t\t<section class=\"elementor-section elementor-top-section elementor-element elementor-element-3f5d672 elementor-section-full_width elementor-section-stretched elementor-section-height-default elementor-section-height-default elementor-invisible\" data-id=\"3f5d672\" data-element_type=\"section\" data-settings=\"{&quot;animation&quot;:&quot;slideInUp&quot;,&quot;background_background&quot;:&quot;classic&quot;,&quot;stretch_section&quot;:&quot;section-stretched&quot;}\">\n\t\t\t\t\t\t\t<div class=\"elementor-background-overlay\"><\/div>\n\t\t\t\t\t\t\t<div class=\"elementor-container elementor-column-gap-no\">\n\t\t\t\t\t<div class=\"elementor-column elementor-col-100 elementor-top-column elementor-element elementor-element-5ba1e68\" data-id=\"5ba1e68\" data-element_type=\"column\">\n\t\t\t<div class=\"elementor-widget-wrap elementor-element-populated\">\n\t\t\t\t\t\t<div class=\"elementor-element elementor-element-29d530e actus elementor-widget elementor-widget-shortcode\" data-id=\"29d530e\" data-element_type=\"widget\" data-widget_type=\"shortcode.default\">\n\t\t\t\t<div class=\"elementor-widget-container\">\n\t\t\t\t\t\t\t<div class=\"elementor-shortcode\"><script src=\"https:\/\/apps.elfsight.com\/p\/platform.js\" defer><\/script>\n<div class=\"elfsight-app-bbeae31b-bb1d-4b0b-bb7f-049287472f68\"><\/div><\/div>\n\t\t\t\t\t\t<\/div>\n\t\t\t\t<\/div>\n\t\t\t\t<div class=\"elementor-element elementor-element-a14e8c6 animated-slow elementor-posts--align-center elementor-grid-4 elementor-grid-tablet-2 elementor-grid-mobile-1 elementor-posts--thumbnail-top elementor-posts__hover-gradient elementor-invisible elementor-widget elementor-widget-posts\" data-id=\"a14e8c6\" data-element_type=\"widget\" id=\"actus\" data-settings=\"{&quot;cards_row_gap&quot;:{&quot;unit&quot;:&quot;px&quot;,&quot;size&quot;:0,&quot;sizes&quot;:[]},&quot;_animation&quot;:&quot;fadeIn&quot;,&quot;cards_columns&quot;:&quot;4&quot;,&quot;cards_columns_tablet&quot;:&quot;2&quot;,&quot;cards_columns_mobile&quot;:&quot;1&quot;,&quot;cards_row_gap_tablet&quot;:{&quot;unit&quot;:&quot;px&quot;,&quot;size&quot;:&quot;&quot;,&quot;sizes&quot;:[]},&quot;cards_row_gap_mobile&quot;:{&quot;unit&quot;:&quot;px&quot;,&quot;size&quot;:&quot;&quot;,&quot;sizes&quot;:[]}}\" data-widget_type=\"posts.cards\">\n\t\t\t\t<div class=\"elementor-widget-container\">\n\t\t\t\t\t\t\t<div class=\"elementor-posts-container elementor-posts elementor-posts--skin-cards elementor-grid\" role=\"list\">\n\t\t\t\t<article class=\"elementor-post elementor-grid-item post-2999 post type-post status-publish format-standard has-post-thumbnail hentry category-actualites category-archives category-promotions\" role=\"listitem\">\n\t\t\t<div class=\"elementor-post__card\">\n\t\t\t\t<a class=\"elementor-post__thumbnail__link\" href=\"https:\/\/www.hansen-optic.ch\/de\/actualites\/summer-time\/\" tabindex=\"-1\" ><div class=\"elementor-post__thumbnail\"><img fetchpriority=\"high\" decoding=\"async\" width=\"768\" height=\"1083\" src=\"https:\/\/www.hansen-optic.ch\/wp-content\/uploads\/uploads\/2023\/09\/summertime-768x1083.png\" class=\"attachment-medium_large size-medium_large wp-image-3038\" alt=\"\" srcset=\"https:\/\/www.hansen-optic.ch\/wp-content\/uploads\/2023\/09\/summertime-768x1083.png 768w, https:\/\/www.hansen-optic.ch\/wp-content\/uploads\/2023\/09\/summertime-213x300.png 213w, https:\/\/www.hansen-optic.ch\/wp-content\/uploads\/2023\/09\/summertime-726x1024.png 726w, https:\/\/www.hansen-optic.ch\/wp-content\/uploads\/2023\/09\/summertime-9x12.png 9w, https:\/\/www.hansen-optic.ch\/wp-content\/uploads\/2023\/09\/summertime.png 854w\" sizes=\"(max-width: 768px) 100vw, 768px\" \/><\/div><\/a>\n\t\t\t\t<div class=\"elementor-post__text\">\n\t\t\t\t<h3 class=\"elementor-post__title\">\n\t\t\t<a href=\"https:\/\/www.hansen-optic.ch\/de\/actualites\/summer-time\/\" >\n\t\t\t\tSUMMER TIME\t\t\t<\/a>\n\t\t<\/h3>\n\t\t\t\t<div class=\"elementor-post__excerpt\">\n\t\t\t<p>Vos verres solaires \u00e0 votre vue OFFERTS \u00e0 l&rsquo;achat d&rsquo;une paire de verres optiques<\/p>\n\t\t<\/div>\n\t\t\n\t\t<a class=\"elementor-post__read-more\" href=\"https:\/\/www.hansen-optic.ch\/de\/actualites\/summer-time\/\" aria-label=\"Mehr \u00fcber SUMMER TIME\" tabindex=\"-1\" >\n\t\t\tEn savoir plus...\t\t<\/a>\n\n\t\t\t\t<\/div>\n\t\t\t\t\t<\/div>\n\t\t<\/article>\n\t\t\t\t<article class=\"elementor-post elementor-grid-item post-3346 post type-post status-publish format-standard has-post-thumbnail hentry category-uncategorized\" role=\"listitem\">\n\t\t\t<div class=\"elementor-post__card\">\n\t\t\t\t<a class=\"elementor-post__thumbnail__link\" href=\"https:\/\/www.hansen-optic.ch\/de\/uncategorized\/morel\/\" tabindex=\"-1\" ><div class=\"elementor-post__thumbnail\"><img decoding=\"async\" width=\"768\" height=\"690\" src=\"https:\/\/www.hansen-optic.ch\/wp-content\/uploads\/2025\/06\/morel-logorouge-768x690.png\" class=\"attachment-medium_large size-medium_large wp-image-3350\" alt=\"\" srcset=\"https:\/\/www.hansen-optic.ch\/wp-content\/uploads\/2025\/06\/morel-logorouge-768x690.png 768w, https:\/\/www.hansen-optic.ch\/wp-content\/uploads\/2025\/06\/morel-logorouge-300x270.png 300w, https:\/\/www.hansen-optic.ch\/wp-content\/uploads\/2025\/06\/morel-logorouge-1024x921.png 1024w, https:\/\/www.hansen-optic.ch\/wp-content\/uploads\/2025\/06\/morel-logorouge-13x12.png 13w, https:\/\/www.hansen-optic.ch\/wp-content\/uploads\/2025\/06\/morel-logorouge.png 1070w\" sizes=\"(max-width: 768px) 100vw, 768px\" \/><\/div><\/a>\n\t\t\t\t<div class=\"elementor-post__text\">\n\t\t\t\t<h3 class=\"elementor-post__title\">\n\t\t\t<a href=\"https:\/\/www.hansen-optic.ch\/de\/uncategorized\/morel\/\" >\n\t\t\t\tMorel\t\t\t<\/a>\n\t\t<\/h3>\n\t\t\t\t<div class=\"elementor-post__excerpt\">\n\t\t\t<p>Pour vivre en harmonie avec la nature, les habitants du Jura ont d\u00e9velopp\u00e9 un double savoir-faire, qu\u2019ils exer\u00e7aient en fonction des saisons. Agriculteurs durant les<\/p>\n\t\t<\/div>\n\t\t\n\t\t<a class=\"elementor-post__read-more\" href=\"https:\/\/www.hansen-optic.ch\/de\/uncategorized\/morel\/\" aria-label=\"Mehr \u00fcber Morel\" tabindex=\"-1\" >\n\t\t\tEn savoir plus...\t\t<\/a>\n\n\t\t\t\t<\/div>\n\t\t\t\t\t<\/div>\n\t\t<\/article>\n\t\t\t\t<article class=\"elementor-post elementor-grid-item post-3190 post type-post status-publish format-standard has-post-thumbnail hentry category-uncategorized\" role=\"listitem\">\n\t\t\t<div class=\"elementor-post__card\">\n\t\t\t\t<a class=\"elementor-post__thumbnail__link\" href=\"https:\/\/www.hansen-optic.ch\/de\/uncategorized\/chroma-by-etnia-barcelona\/\" tabindex=\"-1\" ><div class=\"elementor-post__thumbnail\"><img decoding=\"async\" width=\"768\" height=\"487\" src=\"https:\/\/www.hansen-optic.ch\/wp-content\/uploads\/2025\/01\/etnia-chroma-rouge-768x487.png\" class=\"attachment-medium_large size-medium_large wp-image-3193\" alt=\"\" srcset=\"https:\/\/www.hansen-optic.ch\/wp-content\/uploads\/2025\/01\/etnia-chroma-rouge-768x487.png 768w, https:\/\/www.hansen-optic.ch\/wp-content\/uploads\/2025\/01\/etnia-chroma-rouge-300x190.png 300w, https:\/\/www.hansen-optic.ch\/wp-content\/uploads\/2025\/01\/etnia-chroma-rouge-1024x650.png 1024w, https:\/\/www.hansen-optic.ch\/wp-content\/uploads\/2025\/01\/etnia-chroma-rouge-1536x975.png 1536w, https:\/\/www.hansen-optic.ch\/wp-content\/uploads\/2025\/01\/etnia-chroma-rouge-18x12.png 18w, https:\/\/www.hansen-optic.ch\/wp-content\/uploads\/2025\/01\/etnia-chroma-rouge.png 1626w\" sizes=\"(max-width: 768px) 100vw, 768px\" \/><\/div><\/a>\n\t\t\t\t<div class=\"elementor-post__text\">\n\t\t\t\t<h3 class=\"elementor-post__title\">\n\t\t\t<a href=\"https:\/\/www.hansen-optic.ch\/de\/uncategorized\/chroma-by-etnia-barcelona\/\" >\n\t\t\t\tCHROMA by Etnia Barcelona\t\t\t<\/a>\n\t\t<\/h3>\n\t\t\t\t<div class=\"elementor-post__excerpt\">\n\t\t\t<p>La collection\u00a0Chroma\u00a0par\u00a0Etnia Barcelona\u00a0red\u00e9finit les limites des formes et des couleurs dans l\u2019univers de l\u2019optique. Les lunettes se distinguent par des\u00a0formes g\u00e9om\u00e9triques audacieuses, o\u00f9 les volumes<\/p>\n\t\t<\/div>\n\t\t\n\t\t<a class=\"elementor-post__read-more\" href=\"https:\/\/www.hansen-optic.ch\/de\/uncategorized\/chroma-by-etnia-barcelona\/\" aria-label=\"Mehr \u00fcber CHROMA by Etnia Barcelona\" tabindex=\"-1\" >\n\t\t\tEn savoir plus...\t\t<\/a>\n\n\t\t\t\t<\/div>\n\t\t\t\t\t<\/div>\n\t\t<\/article>\n\t\t\t\t<article class=\"elementor-post elementor-grid-item post-3135 post type-post status-publish format-standard has-post-thumbnail hentry category-actualites category-evenements category-promotions\" role=\"listitem\">\n\t\t\t<div class=\"elementor-post__card\">\n\t\t\t\t<a class=\"elementor-post__thumbnail__link\" href=\"https:\/\/www.hansen-optic.ch\/de\/actualites\/nouveaute\/\" tabindex=\"-1\" ><div class=\"elementor-post__thumbnail\"><img loading=\"lazy\" decoding=\"async\" width=\"768\" height=\"426\" src=\"https:\/\/www.hansen-optic.ch\/wp-content\/uploads\/uploads\/2024\/06\/charles-stone-768x426.png\" class=\"attachment-medium_large size-medium_large wp-image-3136\" alt=\"\" srcset=\"https:\/\/www.hansen-optic.ch\/wp-content\/uploads\/2024\/06\/charles-stone-768x426.png 768w, https:\/\/www.hansen-optic.ch\/wp-content\/uploads\/2024\/06\/charles-stone-300x166.png 300w, https:\/\/www.hansen-optic.ch\/wp-content\/uploads\/2024\/06\/charles-stone-1024x567.png 1024w, https:\/\/www.hansen-optic.ch\/wp-content\/uploads\/2024\/06\/charles-stone-1536x851.png 1536w, https:\/\/www.hansen-optic.ch\/wp-content\/uploads\/2024\/06\/charles-stone-18x10.png 18w, https:\/\/www.hansen-optic.ch\/wp-content\/uploads\/2024\/06\/charles-stone.png 1920w\" sizes=\"(max-width: 768px) 100vw, 768px\" \/><\/div><\/a>\n\t\t\t\t<div class=\"elementor-post__text\">\n\t\t\t\t<h3 class=\"elementor-post__title\">\n\t\t\t<a href=\"https:\/\/www.hansen-optic.ch\/de\/actualites\/nouveaute\/\" >\n\t\t\t\tNOUVEAUTE\t\t\t<\/a>\n\t\t<\/h3>\n\t\t\t\t<div class=\"elementor-post__excerpt\">\n\t\t\t<p>Lunettes r\u00e9tro Made in NYC par Charles Stone Voici une marque qui nous vient tout droit de la Grosse Pomme ! Loin de l\u2019opulence et<\/p>\n\t\t<\/div>\n\t\t\n\t\t<a class=\"elementor-post__read-more\" href=\"https:\/\/www.hansen-optic.ch\/de\/actualites\/nouveaute\/\" aria-label=\"Mehr \u00fcber NOUVEAUTE\" tabindex=\"-1\" >\n\t\t\tEn savoir plus...\t\t<\/a>\n\n\t\t\t\t<\/div>\n\t\t\t\t\t<\/div>\n\t\t<\/article>\n\t\t\t\t<\/div>\n\t\t\n\t\t\t\t\t\t<\/div>\n\t\t\t\t<\/div>\n\t\t\t\t\t<\/div>\n\t\t<\/div>\n\t\t\t\t\t<\/div>\n\t\t<\/section>\n\t\t\t\t<section class=\"elementor-section elementor-top-section elementor-element elementor-element-35b1b80 elementor-section-boxed elementor-section-height-default elementor-section-height-default\" data-id=\"35b1b80\" data-element_type=\"section\">\n\t\t\t\t\t\t<div class=\"elementor-container elementor-column-gap-no\">\n\t\t\t\t\t<div class=\"elementor-column elementor-col-100 elementor-top-column elementor-element elementor-element-6b08c2e\" data-id=\"6b08c2e\" data-element_type=\"column\">\n\t\t\t<div class=\"elementor-widget-wrap elementor-element-populated\">\n\t\t\t\t\t\t<div class=\"elementor-element elementor-element-1d0a9c8 elementor-widget elementor-widget-menu-anchor\" data-id=\"1d0a9c8\" data-element_type=\"widget\" data-widget_type=\"menu-anchor.default\">\n\t\t\t\t<div class=\"elementor-widget-container\">\n\t\t\t\t\t\t\t<div class=\"elementor-menu-anchor\" id=\"voir\"><\/div>\n\t\t\t\t\t\t<\/div>\n\t\t\t\t<\/div>\n\t\t\t\t\t<\/div>\n\t\t<\/div>\n\t\t\t\t\t<\/div>\n\t\t<\/section>\n\t\t\t\t<section class=\"elementor-section elementor-top-section elementor-element elementor-element-714c861 elementor-section-content-middle elementor-section-stretched elementor-section-full_width elementor-section-height-min-height elementor-section-height-default elementor-section-items-middle elementor-invisible\" data-id=\"714c861\" data-element_type=\"section\" data-settings=\"{&quot;background_background&quot;:&quot;classic&quot;,&quot;animation&quot;:&quot;fadeIn&quot;,&quot;stretch_section&quot;:&quot;section-stretched&quot;}\">\n\t\t\t\t\t\t\t<div class=\"elementor-background-overlay\"><\/div>\n\t\t\t\t\t\t\t<div class=\"elementor-container elementor-column-gap-no\">\n\t\t\t\t\t<div class=\"elementor-column elementor-col-50 elementor-top-column elementor-element elementor-element-bef86c7 elementor-invisible\" data-id=\"bef86c7\" data-element_type=\"column\" data-settings=\"{&quot;background_background&quot;:&quot;slideshow&quot;,&quot;background_slideshow_gallery&quot;:[{&quot;id&quot;:2251,&quot;url&quot;:&quot;https:\\\/\\\/www.hansen-optic.ch\\\/wp-content\\\/uploads\\\/2021\\\/11\\\/Capture-de\\u0301cran-2021-10-30-a\\u0300-22.02.29.png&quot;},{&quot;id&quot;:1097,&quot;url&quot;:&quot;https:\\\/\\\/www.hansen-optic.ch\\\/wp-content\\\/uploads\\\/2019\\\/09\\\/image-3-DUTZ_winter2019-2020_A3.jpg&quot;},{&quot;id&quot;:2253,&quot;url&quot;:&quot;https:\\\/\\\/www.hansen-optic.ch\\\/wp-content\\\/uploads\\\/2021\\\/11\\\/210823_MONOQOOL_glyptoteket_AS14273.jpg&quot;},{&quot;id&quot;:2252,&quot;url&quot;:&quot;https:\\\/\\\/www.hansen-optic.ch\\\/wp-content\\\/uploads\\\/2021\\\/11\\\/210823_MONOQOOL_glyptoteket_AS13986-1.jpg&quot;},{&quot;id&quot;:1101,&quot;url&quot;:&quot;https:\\\/\\\/www.hansen-optic.ch\\\/wp-content\\\/uploads\\\/2019\\\/09\\\/image-13-DUTZ_winter2019-2020_A3.jpg&quot;},{&quot;id&quot;:1102,&quot;url&quot;:&quot;https:\\\/\\\/www.hansen-optic.ch\\\/wp-content\\\/uploads\\\/2019\\\/09\\\/image-18-DUTZ_A3.jpg&quot;},{&quot;id&quot;:1103,&quot;url&quot;:&quot;https:\\\/\\\/www.hansen-optic.ch\\\/wp-content\\\/uploads\\\/2019\\\/09\\\/image-19-DUTZ_A3.jpg&quot;},{&quot;id&quot;:2257,&quot;url&quot;:&quot;https:\\\/\\\/www.hansen-optic.ch\\\/wp-content\\\/uploads\\\/2021\\\/11\\\/Capture-de\\u0301cran-2021-10-30-a\\u0300-22.04.03.png&quot;}],&quot;animation&quot;:&quot;slideInLeft&quot;,&quot;background_slideshow_loop&quot;:&quot;yes&quot;,&quot;background_slideshow_slide_duration&quot;:5000,&quot;background_slideshow_slide_transition&quot;:&quot;fade&quot;,&quot;background_slideshow_transition_duration&quot;:500}\">\n\t\t\t<div class=\"elementor-widget-wrap elementor-element-populated\">\n\t\t\t\t\t\t<div class=\"elementor-element elementor-element-a11a65c elementor-widget elementor-widget-spacer\" data-id=\"a11a65c\" data-element_type=\"widget\" data-widget_type=\"spacer.default\">\n\t\t\t\t<div class=\"elementor-widget-container\">\n\t\t\t\t\t\t\t<div class=\"elementor-spacer\">\n\t\t\t<div class=\"elementor-spacer-inner\"><\/div>\n\t\t<\/div>\n\t\t\t\t\t\t<\/div>\n\t\t\t\t<\/div>\n\t\t\t\t\t<\/div>\n\t\t<\/div>\n\t\t\t\t<div class=\"elementor-column elementor-col-50 elementor-top-column elementor-element elementor-element-8c76b29 elementor-invisible\" data-id=\"8c76b29\" data-element_type=\"column\" data-settings=\"{&quot;animation&quot;:&quot;slideInRight&quot;,&quot;animation_delay&quot;:400}\">\n\t\t\t<div class=\"elementor-widget-wrap elementor-element-populated\">\n\t\t\t\t\t\t<div class=\"elementor-element elementor-element-40433ff elementor-widget elementor-widget-heading\" data-id=\"40433ff\" data-element_type=\"widget\" data-widget_type=\"heading.default\">\n\t\t\t\t<div class=\"elementor-widget-container\">\n\t\t\t\t\t<h2 class=\"elementor-heading-title elementor-size-default\">Lunettes Cr\u00e9ateurs<\/h2>\t\t\t\t<\/div>\n\t\t\t\t<\/div>\n\t\t\t\t<div class=\"elementor-element elementor-element-068df98 elementor-widget elementor-widget-text-editor\" data-id=\"068df98\" data-element_type=\"widget\" data-widget_type=\"text-editor.default\">\n\t\t\t\t<div class=\"elementor-widget-container\">\n\t\t\t\t\t\t\t\t\t<p>Que vous recherchiez une monture tendance, mode, vintage, classique, chic ou autre, nous vous proposons un tr\u00e8s large choix de marques s\u00e9lectionn\u00e9es dans les salons internationaux selon des crit\u00e8res pr\u00e9cis afin de satisfaire tous les d\u00e9sirs.<\/p><p><strong>Laissez-vous guider par notre \u00e9quipe d&rsquo;opticiens visagistes<\/strong>\u00a0pour un voyage \u00e0 travers les formes, les couleurs et la mati\u00e8re de lunettes vraiment diff\u00e9rentes!<\/p>\t\t\t\t\t\t\t\t<\/div>\n\t\t\t\t<\/div>\n\t\t\t\t<div class=\"elementor-element elementor-element-575d1ac elementor-hidden-tablet elementor-hidden-mobile elementor-widget elementor-widget-spacer\" data-id=\"575d1ac\" data-element_type=\"widget\" data-widget_type=\"spacer.default\">\n\t\t\t\t<div class=\"elementor-widget-container\">\n\t\t\t\t\t\t\t<div class=\"elementor-spacer\">\n\t\t\t<div class=\"elementor-spacer-inner\"><\/div>\n\t\t<\/div>\n\t\t\t\t\t\t<\/div>\n\t\t\t\t<\/div>\n\t\t\t\t<div class=\"elementor-element elementor-element-7e2d9e2 elementor-skin-carousel elementor-widget elementor-widget-global elementor-global-2280 elementor-widget-media-carousel\" data-id=\"7e2d9e2\" data-element_type=\"widget\" data-settings=\"{&quot;slides_per_view&quot;:&quot;1&quot;,&quot;slides_per_view_tablet&quot;:&quot;1&quot;,&quot;slides_per_view_mobile&quot;:&quot;1&quot;,&quot;autoplay_speed&quot;:3000,&quot;space_between&quot;:{&quot;unit&quot;:&quot;px&quot;,&quot;size&quot;:21,&quot;sizes&quot;:[]},&quot;lazyload&quot;:&quot;yes&quot;,&quot;skin&quot;:&quot;carousel&quot;,&quot;effect&quot;:&quot;slide&quot;,&quot;speed&quot;:500,&quot;autoplay&quot;:&quot;yes&quot;,&quot;loop&quot;:&quot;yes&quot;,&quot;space_between_tablet&quot;:{&quot;unit&quot;:&quot;px&quot;,&quot;size&quot;:10,&quot;sizes&quot;:[]},&quot;space_between_mobile&quot;:{&quot;unit&quot;:&quot;px&quot;,&quot;size&quot;:10,&quot;sizes&quot;:[]}}\" data-widget_type=\"media-carousel.default\">\n\t\t\t\t<div class=\"elementor-widget-container\">\n\t\t\t\t\t\t\t\t\t<div class=\"elementor-swiper\">\n\t\t\t\t\t<div class=\"elementor-main-swiper swiper\" role=\"region\" aria-roledescription=\"carousel\" aria-label=\"Diapositives\">\n\t\t\t\t<div class=\"swiper-wrapper\">\n\t\t\t\t\t\t\t\t\t\t\t<div class=\"swiper-slide\" role=\"group\" aria-roledescription=\"slide\">\n\t\t\t\t\t\t\t\t\t<div class=\"elementor-carousel-image swiper-lazy\" role=\"img\" aria-label=\"logo-dutzeyewear\" data-background=\"https:\/\/www.hansen-optic.ch\/wp-content\/uploads\/elementor\/thumbs\/logo-dutzeyewear-pluvcoozs4jxcxryiah9d2m14wmzwf1pijam8scy68.webp\">\n\n\t\t\t\t\t\t\t<div class=\"swiper-lazy-preloader\"><\/div>\n\t\t\t\n\t\t\t\t\t<\/div>\n\t\t\t\t\t\t\t\t<\/div>\n\t\t\t\t\t\t\t\t\t\t\t<div class=\"swiper-slide\" role=\"group\" aria-roledescription=\"slide\">\n\t\t\t\t\t\t\t\t\t<div class=\"elementor-carousel-image swiper-lazy\" role=\"img\" aria-label=\"prodesign-logo\" data-background=\"https:\/\/www.hansen-optic.ch\/wp-content\/uploads\/elementor\/thumbs\/prodesign-logo-pluwemghmehjyco3z6u6hzys9rnbkmnp2b74ju3wq8.webp\">\n\n\t\t\t\t\t\t\t<div class=\"swiper-lazy-preloader\"><\/div>\n\t\t\t\n\t\t\t\t\t<\/div>\n\t\t\t\t\t\t\t\t<\/div>\n\t\t\t\t\t\t\t\t\t\t\t<div class=\"swiper-slide\" role=\"group\" aria-roledescription=\"slide\">\n\t\t\t\t\t\t\t\t\t<div class=\"elementor-carousel-image swiper-lazy\" role=\"img\" aria-label=\"paul-joe\" data-background=\"https:\/\/www.hansen-optic.ch\/wp-content\/uploads\/elementor\/thumbs\/paul-joe-pluvzi7xpbsj84mn95l6wbawbo5srvn3zhgzomiv2c.webp\">\n\n\t\t\t\t\t\t\t<div class=\"swiper-lazy-preloader\"><\/div>\n\t\t\t\n\t\t\t\t\t<\/div>\n\t\t\t\t\t\t\t\t<\/div>\n\t\t\t\t\t\t\t\t\t\t\t<div class=\"swiper-slide\" role=\"group\" aria-roledescription=\"slide\">\n\t\t\t\t\t\t\t\t\t<div class=\"elementor-carousel-image swiper-lazy\" role=\"img\" aria-label=\"medium_CAROLINA-HERRERA\" data-background=\"https:\/\/www.hansen-optic.ch\/wp-content\/uploads\/elementor\/thumbs\/medium_CAROLINA-HERRERA-pluwepa06wlex6k0iq227h961x9f7pyw2p5kznzr6k.webp\">\n\n\t\t\t\t\t\t\t<div class=\"swiper-lazy-preloader\"><\/div>\n\t\t\t\n\t\t\t\t\t<\/div>\n\t\t\t\t\t\t\t\t<\/div>\n\t\t\t\t\t\t\t\t\t\t\t<div class=\"swiper-slide\" role=\"group\" aria-roledescription=\"slide\">\n\t\t\t\t\t\t\t\t\t<div class=\"elementor-carousel-image swiper-lazy\" role=\"img\" aria-label=\"marius-morel-logo-square\" data-background=\"https:\/\/www.hansen-optic.ch\/wp-content\/uploads\/elementor\/thumbs\/marius-morel-logo-square-pluwes3irep9w0fx299xwyjju2viuta33341fhvknw.webp\">\n\n\t\t\t\t\t\t\t<div class=\"swiper-lazy-preloader\"><\/div>\n\t\t\t\n\t\t\t\t\t<\/div>\n\t\t\t\t\t\t\t\t<\/div>\n\t\t\t\t\t\t\t\t\t\t\t<div class=\"swiper-slide\" role=\"group\" aria-roledescription=\"slide\">\n\t\t\t\t\t\t\t\t\t<div class=\"elementor-carousel-image swiper-lazy\" role=\"img\" aria-label=\"Koali_BrandLogo\" data-background=\"https:\/\/www.hansen-optic.ch\/wp-content\/uploads\/elementor\/thumbs\/Koali_BrandLogo-pluwetz752ruj8d6ra371y2h0um9a7hjrcf0e1srqm.webp\">\n\n\t\t\t\t\t\t\t<div class=\"swiper-lazy-preloader\"><\/div>\n\t\t\t\n\t\t\t\t\t<\/div>\n\t\t\t\t\t\t\t\t<\/div>\n\t\t\t\t\t\t\t\t\t\t\t<div class=\"swiper-slide\" role=\"group\" aria-roledescription=\"slide\">\n\t\t\t\t\t\t\t\t\t<div class=\"elementor-carousel-image swiper-lazy\" role=\"img\" aria-label=\"pngegg\" data-background=\"https:\/\/www.hansen-optic.ch\/wp-content\/uploads\/elementor\/thumbs\/pngegg-pluvcj1yn4c7fa05f81hy419klesm8fbhrdpd4lb66.webp\">\n\n\t\t\t\t\t\t\t<div class=\"swiper-lazy-preloader\"><\/div>\n\t\t\t\n\t\t\t\t\t<\/div>\n\t\t\t\t\t\t\t\t<\/div>\n\t\t\t\t\t\t\t\t\t\t\t<div class=\"swiper-slide\" role=\"group\" aria-roledescription=\"slide\">\n\t\t\t\t\t\t\t\t\t<div class=\"elementor-carousel-image swiper-lazy\" role=\"img\" aria-label=\"1200px-Hugo-Boss-Logo.svg\" data-background=\"https:\/\/www.hansen-optic.ch\/wp-content\/uploads\/elementor\/thumbs\/1200px-Hugo-Boss-Logo.svg-pluwfdpt4livb1kik0md0b35hxwyrunwu247guzhye.webp\">\n\n\t\t\t\t\t\t\t<div class=\"swiper-lazy-preloader\"><\/div>\n\t\t\t\n\t\t\t\t\t<\/div>\n\t\t\t\t\t\t\t\t<\/div>\n\t\t\t\t\t\t\t\t\t\t\t<div class=\"swiper-slide\" role=\"group\" aria-roledescription=\"slide\">\n\t\t\t\t\t\t\t\t\t<div class=\"elementor-carousel-image swiper-lazy\" role=\"img\" aria-label=\"jaguar\" data-background=\"https:\/\/www.hansen-optic.ch\/wp-content\/uploads\/elementor\/thumbs\/jaguar-pluwegtghe9u0owaw4ef31e0pgf4ag1b1ja7o6c9zc.webp\">\n\n\t\t\t\t\t\t\t<div class=\"swiper-lazy-preloader\"><\/div>\n\t\t\t\n\t\t\t\t\t<\/div>\n\t\t\t\t\t\t\t\t<\/div>\n\t\t\t\t\t\t\t\t\t\t\t<div class=\"swiper-slide\" role=\"group\" aria-roledescription=\"slide\">\n\t\t\t\t\t\t\t\t\t<div class=\"elementor-carousel-image swiper-lazy\" role=\"img\" aria-label=\"image_OXIBIS LOGO\" data-background=\"https:\/\/www.hansen-optic.ch\/wp-content\/uploads\/elementor\/thumbs\/image_OXIBIS-LOGO-pluwexqjwewzto7q5bppbx4bee3q4zwh3v0yb5n6te.webp\">\n\n\t\t\t\t\t\t\t<div class=\"swiper-lazy-preloader\"><\/div>\n\t\t\t\n\t\t\t\t\t<\/div>\n\t\t\t\t\t\t\t\t<\/div>\n\t\t\t\t\t\t\t\t\t\t\t<div class=\"swiper-slide\" role=\"group\" aria-roledescription=\"slide\">\n\t\t\t\t\t\t\t\t\t<div class=\"elementor-carousel-image swiper-lazy\" role=\"img\" aria-label=\"lightec-logo-square\" data-background=\"https:\/\/www.hansen-optic.ch\/wp-content\/uploads\/elementor\/thumbs\/lightec-logo-square-pluvzost161jhed36qfkvrn4hd9d9rd8ce1e1k93o4.webp\">\n\n\t\t\t\t\t\t\t<div class=\"swiper-lazy-preloader\"><\/div>\n\t\t\t\n\t\t\t\t\t<\/div>\n\t\t\t\t\t\t\t\t<\/div>\n\t\t\t\t\t\t\t\t\t\t\t<div class=\"swiper-slide\" role=\"group\" aria-roledescription=\"slide\">\n\t\t\t\t\t\t\t\t\t<div class=\"elementor-carousel-image swiper-lazy\" role=\"img\" aria-label=\"imgpsh_fullsize_new\" data-background=\"https:\/\/www.hansen-optic.ch\/wp-content\/uploads\/elementor\/thumbs\/imgpsh_fullsize_new-pluvcriicmnsbrnv1tp52jwex293jicwix92om8rl2.webp\">\n\n\t\t\t\t\t\t\t<div class=\"swiper-lazy-preloader\"><\/div>\n\t\t\t\n\t\t\t\t\t<\/div>\n\t\t\t\t\t\t\t\t<\/div>\n\t\t\t\t\t\t\t\t\t\t\t<div class=\"swiper-slide\" role=\"group\" aria-roledescription=\"slide\">\n\t\t\t\t\t\t\t\t\t<div class=\"elementor-carousel-image swiper-lazy\" role=\"img\" aria-label=\"redim-maj-marques-logo-oga-mai-2019\" data-background=\"https:\/\/www.hansen-optic.ch\/wp-content\/uploads\/elementor\/thumbs\/redim-maj-marques-logo-oga-mai-2019-pluvcg8g2m8cgg48votm8mqvsfsoz544hdf8xapie4.webp\">\n\n\t\t\t\t\t\t\t<div class=\"swiper-lazy-preloader\"><\/div>\n\t\t\t\n\t\t\t\t\t<\/div>\n\t\t\t\t\t\t\t\t<\/div>\n\t\t\t\t\t\t\t\t\t<\/div>\n\t\t\t\t\t\t\t\t\t\t\t\t\t\t\t\t\t\t\t\t\t<\/div>\n\t\t\t\t<\/div>\n\t\t\t\t\t\t\t\t<\/div>\n\t\t\t\t<\/div>\n\t\t\t\t\t<\/div>\n\t\t<\/div>\n\t\t\t\t\t<\/div>\n\t\t<\/section>\n\t\t\t\t<section class=\"elementor-section elementor-top-section elementor-element elementor-element-d339242 elementor-section-full_width elementor-section-height-default elementor-section-height-default\" data-id=\"d339242\" data-element_type=\"section\">\n\t\t\t\t\t\t<div class=\"elementor-container elementor-column-gap-no\">\n\t\t\t\t\t<div class=\"elementor-column elementor-col-100 elementor-top-column elementor-element elementor-element-abc9c82\" data-id=\"abc9c82\" data-element_type=\"column\">\n\t\t\t<div class=\"elementor-widget-wrap elementor-element-populated\">\n\t\t\t\t\t\t<div class=\"elementor-element elementor-element-b84d28f elementor-widget elementor-widget-menu-anchor\" data-id=\"b84d28f\" data-element_type=\"widget\" data-widget_type=\"menu-anchor.default\">\n\t\t\t\t<div class=\"elementor-widget-container\">\n\t\t\t\t\t\t\t<div class=\"elementor-menu-anchor\" id=\"optiswiss\"><\/div>\n\t\t\t\t\t\t<\/div>\n\t\t\t\t<\/div>\n\t\t\t\t\t<\/div>\n\t\t<\/div>\n\t\t\t\t\t<\/div>\n\t\t<\/section>\n\t\t\t\t<section class=\"elementor-section elementor-top-section elementor-element elementor-element-51a1e07f elementor-section-content-middle elementor-section-stretched elementor-section-full_width elementor-reverse-mobile elementor-section-height-default elementor-section-height-default elementor-invisible\" data-id=\"51a1e07f\" data-element_type=\"section\" data-settings=\"{&quot;background_background&quot;:&quot;classic&quot;,&quot;animation&quot;:&quot;fadeIn&quot;,&quot;stretch_section&quot;:&quot;section-stretched&quot;}\">\n\t\t\t\t\t\t<div class=\"elementor-container elementor-column-gap-no\">\n\t\t\t\t\t<div class=\"elementor-column elementor-col-50 elementor-top-column elementor-element elementor-element-30fe93dd elementor-invisible\" data-id=\"30fe93dd\" data-element_type=\"column\" data-settings=\"{&quot;animation&quot;:&quot;slideInLeft&quot;,&quot;animation_delay&quot;:200}\">\n\t\t\t<div class=\"elementor-widget-wrap elementor-element-populated\">\n\t\t\t\t\t\t<div class=\"elementor-element elementor-element-cec5319 elementor-widget elementor-widget-heading\" data-id=\"cec5319\" data-element_type=\"widget\" data-widget_type=\"heading.default\">\n\t\t\t\t<div class=\"elementor-widget-container\">\n\t\t\t\t\t<h1 class=\"elementor-heading-title elementor-size-default\">Verres ophtalmiques<\/h1>\t\t\t\t<\/div>\n\t\t\t\t<\/div>\n\t\t\t\t<div class=\"elementor-element elementor-element-9e445cd elementor-widget elementor-widget-text-editor\" data-id=\"9e445cd\" data-element_type=\"widget\" data-widget_type=\"text-editor.default\">\n\t\t\t\t<div class=\"elementor-widget-container\">\n\t\t\t\t\t\t\t\t\t<p style=\"text-align: center;\">Nous faisons confiance aux verres hautes d\u00e9finition de la Maison<br \/><a href=\"https:\/\/www.hansen-optic.ch\/wp-content\/uploads\/2019\/09\/optiswiss-logo-3.jpg\"><img loading=\"lazy\" decoding=\"async\" class=\"alignnone size-medium wp-image-1134\" src=\"https:\/\/www.hansen-optic.ch\/wp-content\/uploads\/2019\/09\/optiswiss-logo-3-300x83.jpg\" alt=\"\" width=\"300\" height=\"83\" srcset=\"https:\/\/www.hansen-optic.ch\/wp-content\/uploads\/2019\/09\/optiswiss-logo-3-300x83.jpg 300w, https:\/\/www.hansen-optic.ch\/wp-content\/uploads\/2019\/09\/optiswiss-logo-3-18x5.jpg 18w, https:\/\/www.hansen-optic.ch\/wp-content\/uploads\/2019\/09\/optiswiss-logo-3.jpg 443w\" sizes=\"(max-width: 300px) 100vw, 300px\" \/><\/a><br \/>install\u00e9e \u00e0 B\u00e2le depuis 1937.<\/p><div>Du verre unifocal le plus simple au verre au progressif individualis\u00e9 de derni\u00e8re technologie, vous trouverez chez nous le confort visuel pour chacune de vos activit\u00e9s.<\/div>\t\t\t\t\t\t\t\t<\/div>\n\t\t\t\t<\/div>\n\t\t\t\t<section class=\"elementor-section elementor-inner-section elementor-element elementor-element-2f207d3 elementor-section-boxed elementor-section-height-default elementor-section-height-default\" data-id=\"2f207d3\" data-element_type=\"section\">\n\t\t\t\t\t\t<div class=\"elementor-container elementor-column-gap-default\">\n\t\t\t\t\t<div class=\"elementor-column elementor-col-50 elementor-inner-column elementor-element elementor-element-b37f0e7\" data-id=\"b37f0e7\" data-element_type=\"column\">\n\t\t\t<div class=\"elementor-widget-wrap elementor-element-populated\">\n\t\t\t\t\t\t<div class=\"elementor-element elementor-element-daf4d0a elementor-widget elementor-widget-image\" data-id=\"daf4d0a\" data-element_type=\"widget\" data-widget_type=\"image.default\">\n\t\t\t\t<div class=\"elementor-widget-container\">\n\t\t\t\t\t\t\t\t\t\t\t\t\t\t\t<img loading=\"lazy\" decoding=\"async\" width=\"300\" height=\"144\" src=\"https:\/\/www.hansen-optic.ch\/wp-content\/uploads\/uploads\/2019\/09\/precision-300x144.png\" class=\"attachment-medium size-medium wp-image-1050\" alt=\"\" srcset=\"https:\/\/www.hansen-optic.ch\/wp-content\/uploads\/2019\/09\/precision-300x144.png 300w, https:\/\/www.hansen-optic.ch\/wp-content\/uploads\/2019\/09\/precision.png 450w\" sizes=\"(max-width: 300px) 100vw, 300px\" \/>\t\t\t\t\t\t\t\t\t\t\t\t\t\t\t<\/div>\n\t\t\t\t<\/div>\n\t\t\t\t\t<\/div>\n\t\t<\/div>\n\t\t\t\t<div class=\"elementor-column elementor-col-50 elementor-inner-column elementor-element elementor-element-3a607b4\" data-id=\"3a607b4\" data-element_type=\"column\">\n\t\t\t<div class=\"elementor-widget-wrap elementor-element-populated\">\n\t\t\t\t\t\t<div class=\"elementor-element elementor-element-c2787cc elementor-widget elementor-widget-image\" data-id=\"c2787cc\" data-element_type=\"widget\" data-widget_type=\"image.default\">\n\t\t\t\t<div class=\"elementor-widget-container\">\n\t\t\t\t\t\t\t\t\t\t\t\t\t\t\t\t<a href=\"https:\/\/www.dynoptic.ch\/fr\/trouver-un-opticien\/hansen-optique-sa\/index.php\" target=\"_blank\">\n\t\t\t\t\t\t\t<img loading=\"lazy\" decoding=\"async\" width=\"190\" height=\"213\" src=\"https:\/\/www.hansen-optic.ch\/wp-content\/uploads\/2019\/05\/dynoptic.webp\" class=\"attachment-medium size-medium wp-image-2581\" alt=\"\" \/>\t\t\t\t\t\t\t\t<\/a>\n\t\t\t\t\t\t\t\t\t\t\t\t\t\t\t<\/div>\n\t\t\t\t<\/div>\n\t\t\t\t\t<\/div>\n\t\t<\/div>\n\t\t\t\t\t<\/div>\n\t\t<\/section>\n\t\t\t\t\t<\/div>\n\t\t<\/div>\n\t\t\t\t<div class=\"elementor-column elementor-col-50 elementor-top-column elementor-element elementor-element-3b0aa7e2 elementor-invisible\" data-id=\"3b0aa7e2\" data-element_type=\"column\" data-settings=\"{&quot;background_background&quot;:&quot;slideshow&quot;,&quot;animation&quot;:&quot;slideInRight&quot;,&quot;animation_delay&quot;:600,&quot;background_slideshow_gallery&quot;:[],&quot;background_slideshow_loop&quot;:&quot;yes&quot;,&quot;background_slideshow_slide_duration&quot;:5000,&quot;background_slideshow_slide_transition&quot;:&quot;fade&quot;,&quot;background_slideshow_transition_duration&quot;:500}\">\n\t\t\t<div class=\"elementor-widget-wrap elementor-element-populated\">\n\t\t\t\t\t\t<div class=\"elementor-element elementor-element-140efad elementor-hidden-tablet elementor-widget elementor-widget-video\" data-id=\"140efad\" data-element_type=\"widget\" data-settings=\"{&quot;video_type&quot;:&quot;hosted&quot;,&quot;autoplay&quot;:&quot;yes&quot;,&quot;loop&quot;:&quot;yes&quot;,&quot;play_on_mobile&quot;:&quot;yes&quot;,&quot;show_image_overlay&quot;:&quot;yes&quot;,&quot;image_overlay&quot;:{&quot;url&quot;:&quot;https:\\\/\\\/www.hansen-optic.ch\\\/wp-content\\\/uploads\\\/2019\\\/09\\\/hd-swissoptic-valais.webp&quot;,&quot;id&quot;:2531,&quot;size&quot;:&quot;&quot;,&quot;alt&quot;:&quot;&quot;,&quot;source&quot;:&quot;library&quot;}}\" data-widget_type=\"video.default\">\n\t\t\t\t<div class=\"elementor-widget-container\">\n\t\t\t\t\t\t\t<div class=\"e-hosted-video elementor-wrapper elementor-open-inline\">\n\t\t\t\t\t<video class=\"elementor-video\" src=\"https:\/\/www.hansen-optic.ch\/wp-content\/uploads\/2025\/09\/IntroClip_Compr_FR.mp4\" autoplay=\"\" loop=\"\" playsinline=\"\" controlslist=\"nodownload\"><\/video>\n\t\t\t\t\t\t<div class=\"elementor-custom-embed-image-overlay\" style=\"background-image: url(https:\/\/www.hansen-optic.ch\/wp-content\/uploads\/2019\/09\/hd-swissoptic-valais.webp);\">\n\t\t\t\t\t\t\t\t\t\t\t\t\t\t\t\t<div class=\"elementor-custom-embed-play\" role=\"button\" aria-label=\"Video abspielen\" tabindex=\"0\" data-no-translation-aria-label=\"\">\n\t\t\t\t\t\t\t<i aria-hidden=\"true\" class=\"eicon-play\"><\/i>\t\t\t\t\t\t<\/div>\n\t\t\t\t\t\t\t\t\t<\/div>\n\t\t\t\t\t<\/div>\n\t\t\t\t\t\t<\/div>\n\t\t\t\t<\/div>\n\t\t\t\t<div class=\"elementor-element elementor-element-ed46976 elementor-hidden-desktop elementor-hidden-mobile elementor-widget elementor-widget-video\" data-id=\"ed46976\" data-element_type=\"widget\" data-settings=\"{&quot;video_type&quot;:&quot;hosted&quot;,&quot;autoplay&quot;:&quot;yes&quot;,&quot;loop&quot;:&quot;yes&quot;,&quot;play_on_mobile&quot;:&quot;yes&quot;,&quot;show_image_overlay&quot;:&quot;yes&quot;,&quot;image_overlay&quot;:{&quot;url&quot;:&quot;https:\\\/\\\/www.hansen-optic.ch\\\/wp-content\\\/uploads\\\/2019\\\/09\\\/hd-swissoptic-valais.webp&quot;,&quot;id&quot;:2531,&quot;size&quot;:&quot;&quot;,&quot;alt&quot;:&quot;&quot;,&quot;source&quot;:&quot;library&quot;}}\" data-widget_type=\"video.default\">\n\t\t\t\t<div class=\"elementor-widget-container\">\n\t\t\t\t\t\t\t<div class=\"e-hosted-video elementor-wrapper elementor-open-inline\">\n\t\t\t\t\t<video class=\"elementor-video\" src=\"https:\/\/www.hansen-optic.ch\/wp-content\/uploads\/2025\/09\/IntroClip_Compr_FR.mp4\" autoplay=\"\" loop=\"\" playsinline=\"\" controlslist=\"nodownload\"><\/video>\n\t\t\t\t\t\t<div class=\"elementor-custom-embed-image-overlay\" style=\"background-image: url(https:\/\/www.hansen-optic.ch\/wp-content\/uploads\/2019\/09\/hd-swissoptic-valais.webp);\">\n\t\t\t\t\t\t\t\t\t\t\t\t\t\t\t\t<div class=\"elementor-custom-embed-play\" role=\"button\" aria-label=\"Video abspielen\" tabindex=\"0\" data-no-translation-aria-label=\"\">\n\t\t\t\t\t\t\t<i aria-hidden=\"true\" class=\"eicon-play\"><\/i>\t\t\t\t\t\t<\/div>\n\t\t\t\t\t\t\t\t\t<\/div>\n\t\t\t\t\t<\/div>\n\t\t\t\t\t\t<\/div>\n\t\t\t\t<\/div>\n\t\t\t\t\t<\/div>\n\t\t<\/div>\n\t\t\t\t\t<\/div>\n\t\t<\/section>\n\t\t\t\t<section class=\"elementor-section elementor-top-section elementor-element elementor-element-5130b2b elementor-section-stretched elementor-section-full_width elementor-hidden-desktop elementor-hidden-tablet elementor-section-height-default elementor-section-height-default\" data-id=\"5130b2b\" data-element_type=\"section\" data-settings=\"{&quot;stretch_section&quot;:&quot;section-stretched&quot;,&quot;background_background&quot;:&quot;classic&quot;}\">\n\t\t\t\t\t\t<div class=\"elementor-container elementor-column-gap-no\">\n\t\t\t\t\t<div class=\"elementor-column elementor-col-100 elementor-top-column elementor-element elementor-element-47021b3\" data-id=\"47021b3\" data-element_type=\"column\">\n\t\t\t<div class=\"elementor-widget-wrap elementor-element-populated\">\n\t\t\t\t\t\t<div class=\"elementor-element elementor-element-4bb5ff3 elementor-widget elementor-widget-spacer\" data-id=\"4bb5ff3\" data-element_type=\"widget\" data-widget_type=\"spacer.default\">\n\t\t\t\t<div class=\"elementor-widget-container\">\n\t\t\t\t\t\t\t<div class=\"elementor-spacer\">\n\t\t\t<div class=\"elementor-spacer-inner\"><\/div>\n\t\t<\/div>\n\t\t\t\t\t\t<\/div>\n\t\t\t\t<\/div>\n\t\t\t\t<div class=\"elementor-element elementor-element-f033acf elementor-widget elementor-widget-menu-anchor\" data-id=\"f033acf\" data-element_type=\"widget\" data-widget_type=\"menu-anchor.default\">\n\t\t\t\t<div class=\"elementor-widget-container\">\n\t\t\t\t\t\t\t<div class=\"elementor-menu-anchor\" id=\"examen\"><\/div>\n\t\t\t\t\t\t<\/div>\n\t\t\t\t<\/div>\n\t\t\t\t\t<\/div>\n\t\t<\/div>\n\t\t\t\t\t<\/div>\n\t\t<\/section>\n\t\t\t\t<section class=\"elementor-section elementor-top-section elementor-element elementor-element-2551ae elementor-section-content-middle elementor-section-stretched elementor-section-full_width elementor-section-height-default elementor-section-height-default elementor-invisible\" data-id=\"2551ae\" data-element_type=\"section\" data-settings=\"{&quot;background_background&quot;:&quot;classic&quot;,&quot;animation&quot;:&quot;fadeIn&quot;,&quot;stretch_section&quot;:&quot;section-stretched&quot;}\">\n\t\t\t\t\t\t<div class=\"elementor-container elementor-column-gap-no\">\n\t\t\t\t\t<div class=\"elementor-column elementor-col-50 elementor-top-column elementor-element elementor-element-4da96e14 elementor-invisible\" data-id=\"4da96e14\" data-element_type=\"column\" data-settings=\"{&quot;background_background&quot;:&quot;classic&quot;,&quot;animation&quot;:&quot;slideInLeft&quot;}\">\n\t\t\t<div class=\"elementor-widget-wrap elementor-element-populated\">\n\t\t\t\t\t<div class=\"elementor-background-overlay\"><\/div>\n\t\t\t\t\t\t<div class=\"elementor-element elementor-element-850108a elementor-widget elementor-widget-spacer\" data-id=\"850108a\" data-element_type=\"widget\" data-widget_type=\"spacer.default\">\n\t\t\t\t<div class=\"elementor-widget-container\">\n\t\t\t\t\t\t\t<div class=\"elementor-spacer\">\n\t\t\t<div class=\"elementor-spacer-inner\"><\/div>\n\t\t<\/div>\n\t\t\t\t\t\t<\/div>\n\t\t\t\t<\/div>\n\t\t\t\t\t<\/div>\n\t\t<\/div>\n\t\t\t\t<div class=\"elementor-column elementor-col-50 elementor-top-column elementor-element elementor-element-212328ce elementor-invisible\" data-id=\"212328ce\" data-element_type=\"column\" data-settings=\"{&quot;background_background&quot;:&quot;classic&quot;,&quot;animation&quot;:&quot;slideInRight&quot;,&quot;animation_delay&quot;:400}\">\n\t\t\t<div class=\"elementor-widget-wrap elementor-element-populated\">\n\t\t\t\t\t\t<div class=\"elementor-element elementor-element-710eb64 animated-fast elementor-invisible elementor-widget elementor-widget-heading\" data-id=\"710eb64\" data-element_type=\"widget\" data-settings=\"{&quot;_animation&quot;:&quot;flash&quot;,&quot;_animation_delay&quot;:800}\" data-widget_type=\"heading.default\">\n\t\t\t\t<div class=\"elementor-widget-container\">\n\t\t\t\t\t<h1 class=\"elementor-heading-title elementor-size-default\">Les Examens de Vue<\/h1>\t\t\t\t<\/div>\n\t\t\t\t<\/div>\n\t\t\t\t<div class=\"elementor-element elementor-element-9234d35 elementor-widget elementor-widget-text-editor\" data-id=\"9234d35\" data-element_type=\"widget\" data-widget_type=\"text-editor.default\">\n\t\t\t\t<div class=\"elementor-widget-container\">\n\t\t\t\t\t\t\t\t\t<p>Nous r\u00e9alisons des examens de la vue et bilan visuels complets, sur rendez-vous, afin de d\u00e9terminer votre correction <b>pour une qualit\u00e9 de vision irr\u00e9prochable<\/b> en toutes circonstances.<\/p><p>Nous sommes \u00e9galement agr\u00e9es par l&rsquo;Etat du Valais et le GOV&rsquo;s pour r\u00e9aliser des tests de la vue pour l\u2019obtention des diff\u00e9rents permis de conduire, tant professionnels que priv\u00e9s.<\/p>\t\t\t\t\t\t\t\t<\/div>\n\t\t\t\t<\/div>\n\t\t\t\t<div class=\"elementor-element elementor-element-0303e30 elementor-align-center elementor-invisible elementor-widget elementor-widget-global elementor-global-1750 elementor-widget-button\" data-id=\"0303e30\" data-element_type=\"widget\" data-settings=\"{&quot;_animation&quot;:&quot;fadeInDown&quot;,&quot;_animation_delay&quot;:800}\" data-widget_type=\"button.default\">\n\t\t\t\t<div class=\"elementor-widget-container\">\n\t\t\t\t\t\t\t\t\t<div class=\"elementor-button-wrapper\">\n\t\t\t\t\t<a class=\"elementor-button elementor-button-link elementor-size-sm elementor-animation-pulse\" href=\"\/de\/contact\/\">\n\t\t\t\t\t\t<span class=\"elementor-button-content-wrapper\">\n\t\t\t\t\t\t\t\t\t<span class=\"elementor-button-text\">Prendre<br>rendez-vous<\/span>\n\t\t\t\t\t<\/span>\n\t\t\t\t\t<\/a>\n\t\t\t\t<\/div>\n\t\t\t\t\t\t\t\t<\/div>\n\t\t\t\t<\/div>\n\t\t\t\t<div class=\"elementor-element elementor-element-b00575b elementor-widget elementor-widget-spacer\" data-id=\"b00575b\" data-element_type=\"widget\" data-widget_type=\"spacer.default\">\n\t\t\t\t<div class=\"elementor-widget-container\">\n\t\t\t\t\t\t\t<div class=\"elementor-spacer\">\n\t\t\t<div class=\"elementor-spacer-inner\"><\/div>\n\t\t<\/div>\n\t\t\t\t\t\t<\/div>\n\t\t\t\t<\/div>\n\t\t\t\t\t<\/div>\n\t\t<\/div>\n\t\t\t\t\t<\/div>\n\t\t<\/section>\n\t\t\t\t<section class=\"elementor-section elementor-top-section elementor-element elementor-element-65ee6c5 elementor-section-stretched elementor-section-full_width elementor-section-content-middle elementor-section-height-default elementor-section-height-default\" data-id=\"65ee6c5\" data-element_type=\"section\" data-settings=\"{&quot;stretch_section&quot;:&quot;section-stretched&quot;,&quot;background_background&quot;:&quot;classic&quot;}\">\n\t\t\t\t\t\t\t<div class=\"elementor-background-overlay\"><\/div>\n\t\t\t\t\t\t\t<div class=\"elementor-container elementor-column-gap-no\">\n\t\t\t\t\t<div class=\"elementor-column elementor-col-50 elementor-top-column elementor-element elementor-element-d37fbd0 elementor-invisible\" data-id=\"d37fbd0\" data-element_type=\"column\" data-settings=\"{&quot;animation&quot;:&quot;slideInLeft&quot;,&quot;animation_delay&quot;:200}\">\n\t\t\t<div class=\"elementor-widget-wrap elementor-element-populated\">\n\t\t\t\t\t\t<div class=\"elementor-element elementor-element-0b26f48 elementor-widget elementor-widget-heading\" data-id=\"0b26f48\" data-element_type=\"widget\" data-widget_type=\"heading.default\">\n\t\t\t\t<div class=\"elementor-widget-container\">\n\t\t\t\t\t<h1 class=\"elementor-heading-title elementor-size-default\">Les Lentilles de Contact<\/h1>\t\t\t\t<\/div>\n\t\t\t\t<\/div>\n\t\t\t\t<div class=\"elementor-element elementor-element-21d15d7 elementor-widget elementor-widget-text-editor\" data-id=\"21d15d7\" data-element_type=\"widget\" data-widget_type=\"text-editor.default\">\n\t\t\t\t<div class=\"elementor-widget-container\">\n\t\t\t\t\t\t\t\t\t<p>Dans notre laboratoire d&rsquo;adaptation de lentilles de contact au premier \u00e9tage, sur rendez-vous, notre optom\u00e9triste vous conseillera sur tous les types de lentilles de contact, des souples aux flexibles, les mieux adapt\u00e9es \u00e0 vos besoins.\u00a0<\/p>\t\t\t\t\t\t\t\t<\/div>\n\t\t\t\t<\/div>\n\t\t\t\t<div class=\"elementor-element elementor-element-83d8638 elementor-align-center elementor-invisible elementor-widget elementor-widget-global elementor-global-1750 elementor-widget-button\" data-id=\"83d8638\" data-element_type=\"widget\" data-settings=\"{&quot;_animation&quot;:&quot;fadeInDown&quot;,&quot;_animation_delay&quot;:800}\" data-widget_type=\"button.default\">\n\t\t\t\t<div class=\"elementor-widget-container\">\n\t\t\t\t\t\t\t\t\t<div class=\"elementor-button-wrapper\">\n\t\t\t\t\t<a class=\"elementor-button elementor-button-link elementor-size-sm elementor-animation-pulse\" href=\"\/de\/contact\/\">\n\t\t\t\t\t\t<span class=\"elementor-button-content-wrapper\">\n\t\t\t\t\t\t\t\t\t<span class=\"elementor-button-text\">Prendre<br>rendez-vous<\/span>\n\t\t\t\t\t<\/span>\n\t\t\t\t\t<\/a>\n\t\t\t\t<\/div>\n\t\t\t\t\t\t\t\t<\/div>\n\t\t\t\t<\/div>\n\t\t\t\t<div class=\"elementor-element elementor-element-10e347a elementor-align-center elementor-invisible elementor-widget elementor-widget-global elementor-global-1413 elementor-widget-button\" data-id=\"10e347a\" data-element_type=\"widget\" data-settings=\"{&quot;_animation&quot;:&quot;fadeInUp&quot;,&quot;_animation_delay&quot;:1400}\" data-widget_type=\"button.default\">\n\t\t\t\t<div class=\"elementor-widget-container\">\n\t\t\t\t\t\t\t\t\t<div class=\"elementor-button-wrapper\">\n\t\t\t\t\t<a class=\"elementor-button elementor-button-link elementor-size-sm elementor-animation-pulse\" href=\"\/de\/commande-de-lentilles\/\">\n\t\t\t\t\t\t<span class=\"elementor-button-content-wrapper\">\n\t\t\t\t\t\t\t\t\t<span class=\"elementor-button-text\">Commande de<br> lentilles<\/span>\n\t\t\t\t\t<\/span>\n\t\t\t\t\t<\/a>\n\t\t\t\t<\/div>\n\t\t\t\t\t\t\t\t<\/div>\n\t\t\t\t<\/div>\n\t\t\t\t\t<\/div>\n\t\t<\/div>\n\t\t\t\t<div class=\"elementor-column elementor-col-50 elementor-top-column elementor-element elementor-element-98eb58a elementor-invisible\" data-id=\"98eb58a\" data-element_type=\"column\" data-settings=\"{&quot;background_background&quot;:&quot;classic&quot;,&quot;background_motion_fx_translateY_effect&quot;:&quot;yes&quot;,&quot;background_motion_fx_translateY_speed&quot;:{&quot;unit&quot;:&quot;px&quot;,&quot;size&quot;:5.4000000000000003552713678800500929355621337890625,&quot;sizes&quot;:[]},&quot;animation&quot;:&quot;slideInRight&quot;,&quot;animation_delay&quot;:600,&quot;background_motion_fx_motion_fx_scrolling&quot;:&quot;yes&quot;,&quot;background_motion_fx_translateY_affectedRange&quot;:{&quot;unit&quot;:&quot;%&quot;,&quot;size&quot;:&quot;&quot;,&quot;sizes&quot;:{&quot;start&quot;:0,&quot;end&quot;:100}},&quot;background_motion_fx_devices&quot;:[&quot;desktop&quot;,&quot;tablet&quot;,&quot;mobile&quot;]}\">\n\t\t\t<div class=\"elementor-widget-wrap elementor-element-populated\">\n\t\t\t\t\t\t<div class=\"elementor-element elementor-element-3f59633 elementor-widget elementor-widget-spacer\" data-id=\"3f59633\" data-element_type=\"widget\" data-widget_type=\"spacer.default\">\n\t\t\t\t<div class=\"elementor-widget-container\">\n\t\t\t\t\t\t\t<div class=\"elementor-spacer\">\n\t\t\t<div class=\"elementor-spacer-inner\"><\/div>\n\t\t<\/div>\n\t\t\t\t\t\t<\/div>\n\t\t\t\t<\/div>\n\t\t\t\t\t<\/div>\n\t\t<\/div>\n\t\t\t\t\t<\/div>\n\t\t<\/section>\n\t\t\t\t<section class=\"elementor-section elementor-top-section elementor-element elementor-element-2fed32b elementor-section-stretched elementor-section-full_width elementor-section-height-min-height elementor-section-content-middle elementor-section-height-default elementor-section-items-middle\" data-id=\"2fed32b\" data-element_type=\"section\" data-settings=\"{&quot;stretch_section&quot;:&quot;section-stretched&quot;,&quot;background_background&quot;:&quot;classic&quot;}\">\n\t\t\t\t\t\t\t<div class=\"elementor-background-overlay\"><\/div>\n\t\t\t\t\t\t\t<div class=\"elementor-container elementor-column-gap-no\">\n\t\t\t\t\t<div class=\"elementor-column elementor-col-100 elementor-top-column elementor-element elementor-element-6d39889\" data-id=\"6d39889\" data-element_type=\"column\">\n\t\t\t<div class=\"elementor-widget-wrap elementor-element-populated\">\n\t\t\t\t\t\t<div class=\"elementor-element elementor-element-144e1ea elementor-widget elementor-widget-heading\" data-id=\"144e1ea\" data-element_type=\"widget\" data-widget_type=\"heading.default\">\n\t\t\t\t<div class=\"elementor-widget-container\">\n\t\t\t\t\t<div class=\"elementor-heading-title elementor-size-small\">Tourn\u00e9s vers l'avenir depuis plus de 50 ans<\/div>\t\t\t\t<\/div>\n\t\t\t\t<\/div>\n\t\t\t\t\t<\/div>\n\t\t<\/div>\n\t\t\t\t\t<\/div>\n\t\t<\/section>\n\t\t\t\t<\/div>","protected":false},"excerpt":{"rendered":"<p>Voyez mieux,Vivez mieux!Actualit\u00e9s &#038; PromosPr\u00e9cisionQualit\u00e9 OptiswissTechnologieL&rsquo;\u00e9l\u00e9gance et le confort au quotidienHansen Optique S.A.Av. G\u00e9n\u00e9ral Guisan 53960 SierreContactez-nous ! Le label de qualit\u00e9 des opticiens ind\u00e9pendants en Suisse. Notre Magasin Situ\u00e9 au coeur de la Cit\u00e9 du Soleil et forts de nos 50 ans d&rsquo;exp\u00e9rience, vous trouverez chez nous les conseils personnalis\u00e9s qui d\u00e9finiront votre \u00e9quilibre [&hellip;]<\/p>","protected":false},"author":1,"featured_media":153,"parent":0,"menu_order":0,"comment_status":"closed","ping_status":"closed","template":"","meta":{"footnotes":""},"class_list":["post-933","page","type-page","status-publish","has-post-thumbnail","hentry"],"yoast_head":"<!-- This site is optimized with the Yoast SEO plugin v25.8 - https:\/\/yoast.com\/wordpress\/plugins\/seo\/ -->\r\n<title>Hansen Optique SA - Valais &#8226; Hansen-Optique SA<\/title>\r\n<meta name=\"description\" content=\"Lunettes, lentilles, contr\u00f4le de la vue. Conseils personnalis\u00e9s, qualit\u00e9, esth\u00e9tique et confort. Votre sp\u00e9cialiste lunettes \u00e0 Sierre.\" \/>\r\n<meta name=\"robots\" content=\"index, follow, max-snippet:-1, max-image-preview:large, max-video-preview:-1\" \/>\r\n<link rel=\"canonical\" href=\"https:\/\/www.hansen-optic.ch\/de\/\" \/>\r\n<meta property=\"og:locale\" content=\"de_DE\" \/>\r\n<meta property=\"og:type\" content=\"article\" \/>\r\n<meta property=\"og:title\" content=\"Hansen Optique SA - Valais &#8226; Hansen-Optique SA\" \/>\r\n<meta property=\"og:description\" content=\"Lunettes, lentilles, contr\u00f4le de la vue. Conseils personnalis\u00e9s, qualit\u00e9, esth\u00e9tique et confort. Votre sp\u00e9cialiste lunettes \u00e0 Sierre.\" \/>\r\n<meta property=\"og:url\" content=\"https:\/\/www.hansen-optic.ch\/de\/\" \/>\r\n<meta property=\"og:site_name\" content=\"Hansen-Optique SA\" \/>\r\n<meta property=\"article:publisher\" content=\"https:\/\/www.facebook.com\/HansenOptiqueSierre\/\" \/>\r\n<meta property=\"article:modified_time\" content=\"2025-12-02T08:12:56+00:00\" \/>\r\n<meta property=\"og:image\" content=\"https:\/\/www.hansen-optic.ch\/wp-content\/uploads\/uploads\/2019\/05\/cropped-hansen-optique.png\" \/>\r\n\t<meta property=\"og:image:width\" content=\"512\" \/>\r\n\t<meta property=\"og:image:height\" content=\"512\" \/>\r\n\t<meta property=\"og:image:type\" content=\"image\/png\" \/>\r\n<meta name=\"twitter:card\" content=\"summary_large_image\" \/>\r\n<meta name=\"twitter:label1\" content=\"Gesch\u00e4tzte Lesezeit\" \/>\n\t<meta name=\"twitter:data1\" content=\"5\u00a0Minuten\" \/>\r\n<script type=\"application\/ld+json\" class=\"yoast-schema-graph\">{\"@context\":\"https:\/\/schema.org\",\"@graph\":[{\"@type\":\"WebPage\",\"@id\":\"https:\/\/www.hansen-optic.ch\/\",\"url\":\"https:\/\/www.hansen-optic.ch\/\",\"name\":\"Hansen Optique SA - Valais &#8226; Hansen-Optique SA\",\"isPartOf\":{\"@id\":\"https:\/\/www.hansen-optic.ch\/#website\"},\"primaryImageOfPage\":{\"@id\":\"https:\/\/www.hansen-optic.ch\/#primaryimage\"},\"image\":{\"@id\":\"https:\/\/www.hansen-optic.ch\/#primaryimage\"},\"thumbnailUrl\":\"https:\/\/www.hansen-optic.ch\/wp-content\/uploads\/uploads\/2019\/05\/cropped-hansen-optique.png\",\"datePublished\":\"2019-09-13T08:17:49+00:00\",\"dateModified\":\"2025-12-02T08:12:56+00:00\",\"description\":\"Lunettes, lentilles, contr\u00f4le de la vue. Conseils personnalis\u00e9s, qualit\u00e9, esth\u00e9tique et confort. Votre sp\u00e9cialiste lunettes \u00e0 Sierre.\",\"breadcrumb\":{\"@id\":\"https:\/\/www.hansen-optic.ch\/#breadcrumb\"},\"inLanguage\":\"de\",\"potentialAction\":[{\"@type\":\"ReadAction\",\"target\":[\"https:\/\/www.hansen-optic.ch\/\"]}]},{\"@type\":\"ImageObject\",\"inLanguage\":\"de\",\"@id\":\"https:\/\/www.hansen-optic.ch\/#primaryimage\",\"url\":\"https:\/\/www.hansen-optic.ch\/wp-content\/uploads\/uploads\/2019\/05\/cropped-hansen-optique.png\",\"contentUrl\":\"https:\/\/www.hansen-optic.ch\/wp-content\/uploads\/uploads\/2019\/05\/cropped-hansen-optique.png\",\"width\":512,\"height\":512},{\"@type\":\"BreadcrumbList\",\"@id\":\"https:\/\/www.hansen-optic.ch\/#breadcrumb\",\"itemListElement\":[{\"@type\":\"ListItem\",\"position\":1,\"name\":\"Home\",\"item\":\"https:\/\/www.hansen-optic.ch\/\"},{\"@type\":\"ListItem\",\"position\":2,\"name\":\"Hansen Optique SA &#8211; Valais\"}]},{\"@type\":\"WebSite\",\"@id\":\"https:\/\/www.hansen-optic.ch\/#website\",\"url\":\"https:\/\/www.hansen-optic.ch\/\",\"name\":\"Hansen-Optique SA\",\"description\":\"Qualit\u00e9 | Pr\u00e9cision | Proximit\u00e9 - Voyez mieux, vivez mieux!\",\"publisher\":{\"@id\":\"https:\/\/www.hansen-optic.ch\/#organization\"},\"potentialAction\":[{\"@type\":\"SearchAction\",\"target\":{\"@type\":\"EntryPoint\",\"urlTemplate\":\"https:\/\/www.hansen-optic.ch\/?s={search_term_string}\"},\"query-input\":{\"@type\":\"PropertyValueSpecification\",\"valueRequired\":true,\"valueName\":\"search_term_string\"}}],\"inLanguage\":\"de\"},{\"@type\":\"Organization\",\"@id\":\"https:\/\/www.hansen-optic.ch\/#organization\",\"name\":\"Hansen Optique SA\",\"url\":\"https:\/\/www.hansen-optic.ch\/\",\"logo\":{\"@type\":\"ImageObject\",\"inLanguage\":\"de\",\"@id\":\"https:\/\/www.hansen-optic.ch\/#\/schema\/logo\/image\/\",\"url\":\"https:\/\/www.hansen-optic.ch\/wp-content\/uploads\/2025\/06\/Hansen_optique-lunetterie-sierre.png\",\"contentUrl\":\"https:\/\/www.hansen-optic.ch\/wp-content\/uploads\/2025\/06\/Hansen_optique-lunetterie-sierre.png\",\"width\":1082,\"height\":258,\"caption\":\"Hansen Optique SA\"},\"image\":{\"@id\":\"https:\/\/www.hansen-optic.ch\/#\/schema\/logo\/image\/\"},\"sameAs\":[\"https:\/\/www.facebook.com\/HansenOptiqueSierre\/\",\"https:\/\/www.instagram.com\/hansen_optique_sa\/\"]}]}<\/script>\r\n<!-- \/ Yoast SEO plugin. -->","yoast_head_json":{"title":"Hansen Optique SA - Valais &#8226; Hansen-Optique SA","description":"Lunettes, lentilles, contr\u00f4le de la vue. Conseils personnalis\u00e9s, qualit\u00e9, esth\u00e9tique et confort. Votre sp\u00e9cialiste lunettes \u00e0 Sierre.","robots":{"index":"index","follow":"follow","max-snippet":"max-snippet:-1","max-image-preview":"max-image-preview:large","max-video-preview":"max-video-preview:-1"},"canonical":"https:\/\/www.hansen-optic.ch\/de\/","og_locale":"de_DE","og_type":"article","og_title":"Hansen Optique SA - Valais &#8226; Hansen-Optique SA","og_description":"Lunettes, lentilles, contr\u00f4le de la vue. Conseils personnalis\u00e9s, qualit\u00e9, esth\u00e9tique et confort. Votre sp\u00e9cialiste lunettes \u00e0 Sierre.","og_url":"https:\/\/www.hansen-optic.ch\/de\/","og_site_name":"Hansen-Optique SA","article_publisher":"https:\/\/www.facebook.com\/HansenOptiqueSierre\/","article_modified_time":"2025-12-02T08:12:56+00:00","og_image":[{"width":512,"height":512,"url":"https:\/\/www.hansen-optic.ch\/wp-content\/uploads\/uploads\/2019\/05\/cropped-hansen-optique.png","type":"image\/png"}],"twitter_card":"summary_large_image","twitter_misc":{"Gesch\u00e4tzte Lesezeit":"5\u00a0Minuten"},"schema":{"@context":"https:\/\/schema.org","@graph":[{"@type":"WebPage","@id":"https:\/\/www.hansen-optic.ch\/","url":"https:\/\/www.hansen-optic.ch\/","name":"Hansen Optique SA - Valais &#8226; Hansen-Optique SA","isPartOf":{"@id":"https:\/\/www.hansen-optic.ch\/#website"},"primaryImageOfPage":{"@id":"https:\/\/www.hansen-optic.ch\/#primaryimage"},"image":{"@id":"https:\/\/www.hansen-optic.ch\/#primaryimage"},"thumbnailUrl":"https:\/\/www.hansen-optic.ch\/wp-content\/uploads\/uploads\/2019\/05\/cropped-hansen-optique.png","datePublished":"2019-09-13T08:17:49+00:00","dateModified":"2025-12-02T08:12:56+00:00","description":"Lunettes, lentilles, contr\u00f4le de la vue. Conseils personnalis\u00e9s, qualit\u00e9, esth\u00e9tique et confort. Votre sp\u00e9cialiste lunettes \u00e0 Sierre.","breadcrumb":{"@id":"https:\/\/www.hansen-optic.ch\/#breadcrumb"},"inLanguage":"de","potentialAction":[{"@type":"ReadAction","target":["https:\/\/www.hansen-optic.ch\/"]}]},{"@type":"ImageObject","inLanguage":"de","@id":"https:\/\/www.hansen-optic.ch\/#primaryimage","url":"https:\/\/www.hansen-optic.ch\/wp-content\/uploads\/uploads\/2019\/05\/cropped-hansen-optique.png","contentUrl":"https:\/\/www.hansen-optic.ch\/wp-content\/uploads\/uploads\/2019\/05\/cropped-hansen-optique.png","width":512,"height":512},{"@type":"BreadcrumbList","@id":"https:\/\/www.hansen-optic.ch\/#breadcrumb","itemListElement":[{"@type":"ListItem","position":1,"name":"Home","item":"https:\/\/www.hansen-optic.ch\/"},{"@type":"ListItem","position":2,"name":"Hansen Optique SA &#8211; Valais"}]},{"@type":"WebSite","@id":"https:\/\/www.hansen-optic.ch\/#website","url":"https:\/\/www.hansen-optic.ch\/","name":"Hansen-Optique SA","description":"Qualit\u00e9 | Pr\u00e9cision | Proximit\u00e9 - Voyez mieux, vivez mieux!","publisher":{"@id":"https:\/\/www.hansen-optic.ch\/#organization"},"potentialAction":[{"@type":"SearchAction","target":{"@type":"EntryPoint","urlTemplate":"https:\/\/www.hansen-optic.ch\/?s={search_term_string}"},"query-input":{"@type":"PropertyValueSpecification","valueRequired":true,"valueName":"search_term_string"}}],"inLanguage":"de"},{"@type":"Organization","@id":"https:\/\/www.hansen-optic.ch\/#organization","name":"Hansen Optique SA","url":"https:\/\/www.hansen-optic.ch\/","logo":{"@type":"ImageObject","inLanguage":"de","@id":"https:\/\/www.hansen-optic.ch\/#\/schema\/logo\/image\/","url":"https:\/\/www.hansen-optic.ch\/wp-content\/uploads\/2025\/06\/Hansen_optique-lunetterie-sierre.png","contentUrl":"https:\/\/www.hansen-optic.ch\/wp-content\/uploads\/2025\/06\/Hansen_optique-lunetterie-sierre.png","width":1082,"height":258,"caption":"Hansen Optique SA"},"image":{"@id":"https:\/\/www.hansen-optic.ch\/#\/schema\/logo\/image\/"},"sameAs":["https:\/\/www.facebook.com\/HansenOptiqueSierre\/","https:\/\/www.instagram.com\/hansen_optique_sa\/"]}]}},"_links":{"self":[{"href":"https:\/\/www.hansen-optic.ch\/de\/wp-json\/wp\/v2\/pages\/933","targetHints":{"allow":["GET"]}}],"collection":[{"href":"https:\/\/www.hansen-optic.ch\/de\/wp-json\/wp\/v2\/pages"}],"about":[{"href":"https:\/\/www.hansen-optic.ch\/de\/wp-json\/wp\/v2\/types\/page"}],"author":[{"embeddable":true,"href":"https:\/\/www.hansen-optic.ch\/de\/wp-json\/wp\/v2\/users\/1"}],"replies":[{"embeddable":true,"href":"https:\/\/www.hansen-optic.ch\/de\/wp-json\/wp\/v2\/comments?post=933"}],"version-history":[{"count":56,"href":"https:\/\/www.hansen-optic.ch\/de\/wp-json\/wp\/v2\/pages\/933\/revisions"}],"predecessor-version":[{"id":3433,"href":"https:\/\/www.hansen-optic.ch\/de\/wp-json\/wp\/v2\/pages\/933\/revisions\/3433"}],"wp:featuredmedia":[{"embeddable":true,"href":"https:\/\/www.hansen-optic.ch\/de\/wp-json\/wp\/v2\/media\/153"}],"wp:attachment":[{"href":"https:\/\/www.hansen-optic.ch\/de\/wp-json\/wp\/v2\/media?parent=933"}],"curies":[{"name":"wp","href":"https:\/\/api.w.org\/{rel}","templated":true}]}}